{"id":1321,"date":"2020-04-13T06:55:29","date_gmt":"2020-04-13T06:55:29","guid":{"rendered":"http:\/\/aragonnatural.lenguasdearagon.org\/?post_type=project&#038;p=1321"},"modified":"2020-07-14T15:50:33","modified_gmt":"2020-07-14T15:50:33","slug":"genista-scorpius","status":"publish","type":"project","link":"https:\/\/aragonnatural.lenguasdearagon.org\/index.php\/project\/genista-scorpius\/","title":{"rendered":"Genista Scorpius"},"content":{"rendered":"<p>[et_pb_section fb_built=\u00bb1&#8243; fullwidth=\u00bbon\u00bb _builder_version=\u00bb4.4.3&#8243; use_background_color_gradient=\u00bbon\u00bb background_image=\u00bbhttps:\/\/aragonnatural.lenguasdearagon.org\/wp-content\/uploads\/2020\/03\/Genista-scorpius-2bweb.jpg\u00bb parallax=\u00bbon\u00bb custom_padding=\u00bb||347px|||\u00bb][\/et_pb_section][et_pb_section fb_built=\u00bb1&#8243; _builder_version=\u00bb4.3.4&#8243; background_color=\u00bb#685e57&#8243;][et_pb_row column_structure=\u00bb1_2,1_2&#8243; _builder_version=\u00bb4.3.4&#8243;][et_pb_column type=\u00bb1_2&#8243; _builder_version=\u00bb4.3.4&#8243;][et_pb_text _builder_version=\u00bb4.4.9&#8243; hover_enabled=\u00bb0&#8243;]<\/p>\n<div class=\"et_pb_module et_pb_text et_pb_text_0  et_pb_text_align_left et_pb_bg_layout_light\">\n<div class=\"et_pb_text_inner\">\n<h3><span style=\"color: #ffffff;\"><em>Genista scorpius<\/em>\u00a0L. (DC.)<\/span><\/h3>\n<p><span style=\"color: #ffffff;\">ARAGON\u00c9S \u00a0 \u00a0 \u00a0 \u00a0 \u00a0 \u00a0 \u00a0 \u00a0 \u00a0 \u00a0 \u00a0 <\/span><span style=\"color: #ffffff;\">Aliaga, aldiaga<\/span><br \/> <span style=\"color: #ffffff;\"> CASTELLANO \u00a0 \u00a0 \u00a0 \u00a0 \u00a0 \u00a0 \u00a0 \u00a0 \u00a0 \u00a0Aulaga<\/span><br \/> <span style=\"color: #ffffff;\"> CATAL\u00c1N DE ARAG\u00d3N \u00a0 \u00a0Argelaga<\/span><\/p>\n<\/div>\n<\/div>\n<p>[\/et_pb_text][\/et_pb_column][et_pb_column type=\u00bb1_2&#8243; _builder_version=\u00bb4.3.4&#8243;][et_pb_text _builder_version=\u00bb4.4.3&#8243;]<\/p>\n<p><span style=\"color: #ffffff;\">\u00a0La <strong>aliaga<\/strong> es un arbusto espinoso de hasta 2 m. de altura, aunque no suele pasar de 1 metro. Es muy ramificada, con abundantes espinas muy punzantes. Hojas escasas, simples, alternas, peque\u00f1as. Las flores son de un llamativo color amarillo, numerosas, propias de una leguminosa, familia a la que pertenece, y, por tanto, amariposadas. Producen una legumbre alargada de 1&#8217;5 a 4 cm. de larga, llamada en aragon\u00e9s <strong><em>bachoca<\/em><\/strong>, <strong><em>tabella<\/em><\/strong> o <strong><em>cabota<\/em><\/strong>.<\/span><\/p>\n<p>[\/et_pb_text][\/et_pb_column][\/et_pb_row][\/et_pb_section][et_pb_section fb_built=\u00bb1&#8243; specialty=\u00bbon\u00bb _builder_version=\u00bb4.3.4&#8243; background_color=\u00bb#685e57&#8243;][et_pb_column type=\u00bb1_2&#8243; specialty_columns=\u00bb2&#8243; _builder_version=\u00bb3.25&#8243; custom_padding=\u00bb|||\u00bb custom_padding__hover=\u00bb|||\u00bb][et_pb_row_inner column_structure=\u00bb1_2,1_2&#8243; _builder_version=\u00bb4.3.4&#8243;][et_pb_column_inner type=\u00bb1_2&#8243; saved_specialty_column_type=\u00bb1_2&#8243; _builder_version=\u00bb4.3.4&#8243;][et_pb_image src=\u00bbhttps:\/\/aragonnatural.lenguasdearagon.org\/wp-content\/uploads\/2020\/03\/mapa-bichos-Ferrero-1.png\u00bb show_in_lightbox=\u00bbon\u00bb _builder_version=\u00bb4.4.3&#8243;][\/et_pb_image][et_pb_image src=\u00bbhttps:\/\/aragonnatural.lenguasdearagon.org\/wp-content\/uploads\/2020\/04\/mapamunid_aliaga.png\u00bb show_in_lightbox=\u00bbon\u00bb _builder_version=\u00bb4.4.3&#8243;][\/et_pb_image][\/et_pb_column_inner][et_pb_column_inner type=\u00bb1_2&#8243; saved_specialty_column_type=\u00bb1_2&#8243; _builder_version=\u00bb4.3.4&#8243;][et_pb_text _builder_version=\u00bb4.3.4&#8243;]<\/p>\n<p><span style=\"color: #ffffff;\">Suele crecer abundante formando matorrales en suelos, en general, calizos o margosos, m\u00e1s o menos secos. A menudo acompa\u00f1a al boj (<em>buxo<\/em>, <em>boix<\/em>), la gayuda (<em>buxarguala<\/em>, <em>boixerola<\/em>), a quejigos (<em>caxico<\/em>, <em>queixigo<\/em>), encinas (<em>carrasca<\/em>, <em>alzina<\/em>) y pinos. Es com\u00fan en sierras y monta\u00f1as soleadas, hasta los 1700 m. de altitud, as\u00ed como en terrenos llanos adecuados de la Depresi\u00f3n del Ebro. A menudo se\u00f1ala campos, pastos y cultivos abandonados, como primer paso para la recolonizaci\u00f3n del bosque, del pinar.<\/span><\/p>\n<p>[\/et_pb_text][\/et_pb_column_inner][\/et_pb_row_inner][\/et_pb_column][et_pb_column type=\u00bb1_2&#8243; _builder_version=\u00bb3.25&#8243; custom_padding=\u00bb|||\u00bb custom_padding__hover=\u00bb|||\u00bb][et_pb_image src=\u00bbhttps:\/\/aragonnatural.lenguasdearagon.org\/wp-content\/uploads\/2020\/03\/IMG_1470\u00a9-Santiago-Cabello-archivo-Tintaura-S.L.web_.jpg\u00bb _builder_version=\u00bb4.4.3&#8243;][\/et_pb_image][\/et_pb_column][\/et_pb_section][et_pb_section fb_built=\u00bb1&#8243; _builder_version=\u00bb4.3.4&#8243; background_color=\u00bb#685e57&#8243;][et_pb_row _builder_version=\u00bb4.3.4&#8243; background_color=\u00bb#685e57&#8243;][et_pb_column type=\u00bb4_4&#8243; _builder_version=\u00bb4.3.4&#8243;][et_pb_tabs _builder_version=\u00bb4.4.9&#8243; background_color=\u00bb#685e57&#8243; hover_enabled=\u00bb0&#8243;][et_pb_tab title=\u00bbEspinas\u00bb _builder_version=\u00bb4.4.3&#8243; background_color=\u00bb#685e57&#8243; background_enable_color=\u00bbon\u00bb]<\/p>\n<p><span style=\"color: #ffffff;\">Las numerosas espinas le sirven de protecci\u00f3n frente al ganado y a otros animales como la cabra mont\u00e9s. La escasez de hojas y su reducido tama\u00f1o indican que crece en climas secos en los que la p\u00e9rdida de humedad debe ser controlada. Sus flores, sin embargo, son vistosas y atraen a numerosos insectos, aunque a las abejas les resulta dificultoso extraer su polen.<\/span><\/p>\n<p>[\/et_pb_tab][et_pb_tab title=\u00bbUsos\u00bb _builder_version=\u00bb4.4.3&#8243; background_color=\u00bb#685e57&#8243; background_enable_color=\u00bbon\u00bb]<\/p>\n<p><span style=\"color: #ffffff;\">Se ha utilizado en medicina, como pasto para los conejos, para te\u00f1ir las telas de amarillo, para quemar en los hornos de pan, para eliminar los pelos en la matac\u00eda del cerdo, deshollinar chimeneas o incluso para fabricar bastones.<\/span><\/p>\n<p>[\/et_pb_tab][et_pb_tab title=\u00bbEspecies\u00bb _builder_version=\u00bb4.4.9&#8243; background_color=\u00bb#685e57&#8243; background_enable_color=\u00bbon\u00bb hover_enabled=\u00bb0&#8243;]<\/p>\n<p><span style=\"color: #ffffff;\">La aliaga m\u00e1s com\u00fan es <em>Genista scorpius<\/em>. Sin embargo, hay unas cuantas aliagas m\u00e1s del g\u00e9nero <em>Genista<\/em> en Arag\u00f3n que no son f\u00e1ciles de diferenciar. Algunas no pinchan, como <em>Genista teretifolia<\/em>, una aliaga fina end\u00e9mica de las provincias de \u00c1lava, Navarra, Zaragoza y Uesca, y por ello est\u00e1 declarada especie protegida, catalogada como de inter\u00e9s especial. Le afectan las roturaciones y obras en su \u00e1rea de distribuci\u00f3n. Tambi\u00e9n est\u00e1 protegida otra aliaga, <em>Genista anglica<\/em>, presente en el cuadrante noroeste de la Pen\u00ednsula Ib\u00e9rica, que salpica algunos puntos de Arag\u00f3n, en la Jacetania, G\u00fadar y Albarrac\u00edn.<\/span><\/p>\n<p>[\/et_pb_tab][et_pb_tab title=\u00bbEtimolog\u00eda\u00bb _builder_version=\u00bb4.4.3&#8243; background_color=\u00bb#685e57&#8243; background_enable_color=\u00bbon\u00bb]<\/p>\n<p><span style=\"color: #ffffff;\">Sus nombres comunes proceden del \u00e1rabe <em>al\u01e7awl\u00e1qa<\/em>, a trav\u00e9s del \u00e1rabe hisp\u00e1nico <em>alyil\u00e1qa<\/em>. Seg\u00fan las zonas, en Arag\u00f3n este nombre \u00e1rabe ha dado lugar a otros como <em>allaca<\/em>, <em>allaga<\/em>, <em>aldiaga<\/em>, <em>chelagra<\/em>, <em>eschelagra<\/em>, <em>eschelaga<\/em>, etc. <\/span><\/p>\n<p>[\/et_pb_tab][et_pb_tab title=\u00bbRefr\u00e1n\u00bb _builder_version=\u00bb4.4.3&#8243; background_color=\u00bb#685e57&#8243; background_enable_color=\u00bbon\u00bb]<\/p>\n<p><span style=\"color: #ffffff;\">Hay un refr\u00e1n que dice: \u201c<em>Cuan l&#8217;aliaga florexe, a fambre crexe, e cuan bachoca, \u00e1 toz en toca<\/em><em>\u201d.\u00a0<\/em>Expresa que, a final del invierno, cuando florece, las despensas est\u00e1n vac\u00edas, pues se han consumido las reservas del a\u00f1o anterior, tanto de carne como de verduras, legumbres o grano. <em>Bachocar<\/em> significa, en este caso, \u201cfructificar, formarse la legumbre\u201d. Al ser una especie de pronta floraci\u00f3n, cuando empieza a formarse el fruto, todav\u00eda no hay nuevos recursos en las casas y, por tanto, todav\u00eda hay m\u00e1s hambre. As\u00ed, incluso a los m\u00e1s d\u00e9biles, como los ni\u00f1os o los ancianos, a los que no se racionaba tanto la comida, afecta la escasez de alimento, <em>\u00e1 toz en toca<\/em>.<\/span><\/p>\n<p>[\/et_pb_tab][\/et_pb_tabs][\/et_pb_column][\/et_pb_row][\/et_pb_section][et_pb_section fb_built=\u00bb1&#8243; _builder_version=\u00bb4.3.4&#8243; background_color=\u00bb#685e57&#8243;][et_pb_row column_structure=\u00bb1_3,2_3&#8243; _builder_version=\u00bb4.3.4&#8243;][et_pb_column type=\u00bb1_3&#8243; _builder_version=\u00bb4.3.4&#8243;][et_pb_button button_url=\u00bbhttps:\/\/youtu.be\/Qa7T9Rb8sJQ\u00bb url_new_window=\u00bbon\u00bb button_text=\u00bbVideo\u00bb button_alignment=\u00bbcenter\u00bb _builder_version=\u00bb4.4.9&#8243; custom_button=\u00bbon\u00bb button_icon=\u00bb%%129%%\u00bb button_icon_color=\u00bb#000000&#8243; button_icon_placement=\u00bbleft\u00bb button_on_hover=\u00bboff\u00bb custom_padding=\u00bb|||41px|false|false\u00bb][\/et_pb_button][et_pb_button button_url=\u00bbhttp:\/\/floragon.ipe.csic.es\/ficha.php?genero=Genista&#038;especie=scorpius&#038;subespecie=&#038;variedad=\u00bb url_new_window=\u00bbon\u00bb button_text=\u00bbM\u00e1s Info\u00bb button_alignment=\u00bbcenter\u00bb _builder_version=\u00bb4.4.9&#8243; custom_button=\u00bbon\u00bb button_icon=\u00bb%%84%%\u00bb button_icon_color=\u00bb#000000&#8243; button_icon_placement=\u00bbleft\u00bb button_on_hover=\u00bboff\u00bb custom_padding=\u00bb|||41px|false|false\u00bb][\/et_pb_button][\/et_pb_column][et_pb_column type=\u00bb2_3&#8243; _builder_version=\u00bb4.3.4&#8243;][et_pb_gallery gallery_ids=\u00bb650,649,648,647,663&#8243; fullwidth=\u00bbon\u00bb _builder_version=\u00bb4.4.3&#8243;][\/et_pb_gallery][\/et_pb_column][\/et_pb_row][\/et_pb_section][et_pb_section fb_built=\u00bb1&#8243; _builder_version=\u00bb4.3.4&#8243; background_color=\u00bb#685e57&#8243;][et_pb_row column_structure=\u00bb1_2,1_2&#8243; _builder_version=\u00bb4.3.4&#8243;][et_pb_column type=\u00bb1_2&#8243; _builder_version=\u00bb4.3.4&#8243;][et_pb_text _builder_version=\u00bb4.4.9&#8243; hover_enabled=\u00bb0&#8243;]<\/p>\n<h3><span style=\"color: #ffffff;\">El abriz\u00f3n<\/span><\/h3>\n<p><span style=\"color: #ffffff;\">Interesante tambi\u00e9n es otra leguminosa de abundante floraci\u00f3n amarilla y pinchos, el ariz\u00f3n (<em>Echinospatum horridum<\/em>). Uno de sus nombres aragoneses es <em>aliaga marina<\/em>, otro <em>cuix\u00ed de moncha<\/em>, pues parece un coj\u00edn sobre el suelo. Tan solo crece en el Pirineo y en el Macizo Central franc\u00e9s. En altitud sustituye a la aliaga com\u00fan. Se le conoce como la tirita de la monta\u00f1a: cuando los suelos est\u00e1n denudados de vegetaci\u00f3n, tras los incendios o en pastos abandonados de la monta\u00f1a, va cubriendo paulatinamente el suelo con sus cojines densos de pinchos, de tal manera que impide el pisoteo, retiene el suelo bajo sus pinchos, permitiendo as\u00ed que fructifiquen semillas de \u00e1rboles, como los pinos que, cuando salgan entre el matorral de ariz\u00f3n, tendr\u00e1n ya un tama\u00f1o adecuado para crecer. Al ser una leguminosa, adem\u00e1s, fija nitr\u00f3geno en el suelo fertiliz\u00e1ndolo. En suma, ayuda a recuperar el suelo y el bosque all\u00ed donde se hab\u00eda perdido.<\/span><\/p>\n<p>[\/et_pb_text][et_pb_image src=\u00bbhttps:\/\/aragonnatural.lenguasdearagon.org\/wp-content\/uploads\/2020\/04\/Arizons-en-Gab\u00edn.jpeg\u00bb _builder_version=\u00bb4.4.3&#8243;][\/et_pb_image][et_pb_text _builder_version=\u00bb4.4.3&#8243;]<\/p>\n<p><span style=\"color: #ffffff; font-size: 14px;\">Cuando el ariz\u00f3n florece en primavera ofrece un magn\u00edfico espect\u00e1culo en las monta\u00f1as en las que medra. La Ronda de Bolta\u00f1a le dedic\u00f3 una canci\u00f3n que refleja su importancia en el paisaje del Sobrarbe, donde tambi\u00e9n se conoce como <\/span><em style=\"color: #ffffff; font-size: 14px;\">abriz\u00f3n<\/em><span style=\"color: #ffffff; font-size: 14px;\">:<\/span><\/p>\n<p>[\/et_pb_text][et_pb_text _builder_version=\u00bb4.4.3&#8243;]<\/p>\n<p><span style=\"color: #ffffff;\"><\/span><\/p>\n<p><span style=\"color: #ffffff; font-size: 14px;\">Puedes o\u00edrla en este enlace:<\/span><br \/><span style=\"color: #ffffff;\"><\/span><\/p>\n<p>[\/et_pb_text][et_pb_button button_url=\u00bbhttps:\/\/www.youtube.com\/watch?v=5NmJjUW1WDw\u00bb button_text=\u00bbVideo\u00bb button_alignment=\u00bbcenter\u00bb _builder_version=\u00bb4.4.3&#8243; custom_button=\u00bbon\u00bb button_icon=\u00bb%%129%%\u00bb button_icon_color=\u00bb#000000&#8243; button_icon_placement=\u00bbleft\u00bb button_on_hover=\u00bboff\u00bb custom_padding=\u00bb|||41px|false|false\u00bb][\/et_pb_button][et_pb_image src=\u00bbhttps:\/\/aragonnatural.lenguasdearagon.org\/wp-content\/uploads\/2020\/04\/101.-Echinospartum-horridum-scaled.jpg\u00bb _builder_version=\u00bb4.4.3&#8243;][\/et_pb_image][\/et_pb_column][et_pb_column type=\u00bb1_2&#8243; _builder_version=\u00bb4.4.3&#8243;][et_pb_text _builder_version=\u00bb4.4.3&#8243;]<\/p>\n<h3><span style=\"color: #ffffff;\">El fiero abriz\u00f3n<\/span><\/h3>\n<p><span style=\"color: #ffffff;\">Por aquel monte que ardi\u00f3 hace un tiempo<\/span><br \/><span style=\"color: #ffffff;\">erizos verdes vienen subiendo.<\/span><br \/><span style=\"color: #ffffff;\">\u2026Corre sin patas, llega el primero;<\/span><br \/><span style=\"color: #ffffff;\">a\u00fan hay cenizas\u2026 \u00a1y un abriz\u00f3n!<\/span><\/p>\n<p><span style=\"color: #ffffff;\">Hundiendo las ra\u00edces, su tierra abraz\u00f3:<\/span><br \/><span style=\"color: #ffffff;\">-\u00a1Que no te arrastre ning\u00fan chaparr\u00f3n!<\/span><br \/><span style=\"color: #ffffff;\">La poca vida que el fuego dej\u00f3<\/span><br \/><span style=\"color: #ffffff;\">defender\u00e1 el abriz\u00f3n.<\/span><\/p>\n<p><span style=\"color: #ffffff;\">Con un poquito de agua y un mucho de sol<\/span><br \/><span style=\"color: #ffffff;\">la sargantana se ha vuelto drag\u00f3n.<\/span><br \/><span style=\"color: #ffffff;\">De escamas verdes el monte cubri\u00f3<\/span><br \/><span style=\"color: #ffffff;\">aquel peque\u00f1o abriz\u00f3n.<\/span><\/p>\n<p><span style=\"color: #ffffff;\">De cara al cielo -\u00a1qu\u00e9 azul sin fin!-,<\/span><br \/><span style=\"color: #ffffff;\">a ras de suelo ha de vivir.<\/span><br \/><span style=\"color: #ffffff;\">Humilde y duro, dir\u00e1n que gris\u2026<\/span><br \/><span style=\"color: #ffffff;\">\u00a1es hijo del Pa\u00eds!<\/span><\/p>\n<p><span style=\"color: #ffffff;\">Bajo el tozal que no ha de subir,<\/span><br \/><span style=\"color: #ffffff;\">-si cuento sarrios, pienso en ti\u2026-<\/span><br \/><span style=\"color: #ffffff;\">Tierno y altivo, \u00bfqui\u00e9n dijo gris?\u2026<\/span><br \/><span style=\"color: #ffffff;\">\u00a1es hijo del Pa\u00eds!<\/span><\/p>\n<p><span style=\"color: #ffffff;\">Por las laderas que azota el viento<\/span><br \/><span style=\"color: #ffffff;\">de pardo y blanco ataca el invierno.<\/span><br \/><span style=\"color: #ffffff;\">Oto\u00f1o huye bajando el puerto;<\/span><br \/><span style=\"color: #ffffff;\">solo resiste el fiel abriz\u00f3n.<\/span><\/p>\n<p><span style=\"color: #ffffff;\">Muro de bayonetas\u2026 de p\u00faas al sol;<\/span><br \/><span style=\"color: #ffffff;\">\u00a1Firme ante el hielo, que no hay rendici\u00f3n!<\/span><br \/><span style=\"color: #ffffff;\">En la trinchera se ha helado el reloj.<\/span><br \/><span style=\"color: #ffffff;\">\u00a1Dicen que Abril desert\u00f3!<\/span><\/p>\n<p><span style=\"color: #ffffff;\">Pero mediado Marzo pas\u00f3 un avi\u00f3n,<\/span><br \/><span style=\"color: #ffffff;\">\u00a1ven, golondrina, hasta los Treserols!<\/span><br \/><span style=\"color: #ffffff;\">Bajo la tierra, el futuro empez\u00f3.<\/span><br \/><span style=\"color: #ffffff;\">\u00a1Haz que germine, abriz\u00f3n!<\/span><\/p>\n<p><span style=\"color: #ffffff;\">Esa semilla que un d\u00eda gris<\/span><br \/><span style=\"color: #ffffff;\">el viento loco trajo aqu\u00ed,<\/span><br \/><span style=\"color: #ffffff;\">si en primavera se llega a abrir<\/span><br \/><span style=\"color: #ffffff;\">ser\u00e1 gracias a ti.<\/span><\/p>\n<p><span style=\"color: #ffffff;\">Bajo tu b\u00f3veda ha de vivir<\/span><br \/><span style=\"color: #ffffff;\">hasta que en \u00e1rbol rompa al fin.<\/span><br \/><span style=\"color: #ffffff;\">Chinibro, pino, cajigo; en fin\u2026,<\/span><br \/><span style=\"color: #ffffff;\">un bosque, el porvenir.<\/span><\/p>\n<p><span style=\"color: #ffffff;\">Ponte amarillo, haz un esfuerzo,<\/span><br \/><span style=\"color: #ffffff;\">mira que Julio lo est\u00e1 pidiendo.<\/span><br \/><span style=\"color: #ffffff;\">Ponte bien pincho, erizo maziello,<\/span><br \/><span style=\"color: #ffffff;\">pincho que puncha, fiero abriz\u00f3n<\/span><\/p>\n<p>[\/et_pb_text][\/et_pb_column][\/et_pb_row][\/et_pb_section]<\/p>\n","protected":false},"excerpt":{"rendered":"<p>Genista scorpius\u00a0L. (DC.) ARAGON\u00c9S \u00a0 \u00a0 \u00a0 \u00a0 \u00a0 \u00a0 \u00a0 \u00a0 \u00a0 \u00a0 \u00a0 Aliaga, aldiaga CASTELLANO \u00a0 \u00a0 \u00a0 \u00a0 \u00a0 \u00a0 \u00a0 \u00a0 \u00a0 \u00a0Aulaga CATAL\u00c1N DE ARAG\u00d3N \u00a0 \u00a0Argelaga \u00a0La aliaga es un arbusto espinoso de hasta 2 m. de altura, aunque no suele pasar de 1 metro. Es muy ramificada, [&hellip;]<\/p>\n","protected":false},"author":4,"featured_media":646,"comment_status":"open","ping_status":"closed","template":"","meta":{"_et_pb_use_builder":"on","_et_pb_old_content":"","_et_gb_content_width":"","footnotes":""},"project_category":[4],"project_tag":[],"class_list":["post-1321","project","type-project","status-publish","has-post-thumbnail","hentry","project_category-flora"],"_links":{"self":[{"href":"https:\/\/aragonnatural.lenguasdearagon.org\/index.php\/wp-json\/wp\/v2\/project\/1321","targetHints":{"allow":["GET"]}}],"collection":[{"href":"https:\/\/aragonnatural.lenguasdearagon.org\/index.php\/wp-json\/wp\/v2\/project"}],"about":[{"href":"https:\/\/aragonnatural.lenguasdearagon.org\/index.php\/wp-json\/wp\/v2\/types\/project"}],"author":[{"embeddable":true,"href":"https:\/\/aragonnatural.lenguasdearagon.org\/index.php\/wp-json\/wp\/v2\/users\/4"}],"replies":[{"embeddable":true,"href":"https:\/\/aragonnatural.lenguasdearagon.org\/index.php\/wp-json\/wp\/v2\/comments?post=1321"}],"version-history":[{"count":14,"href":"https:\/\/aragonnatural.lenguasdearagon.org\/index.php\/wp-json\/wp\/v2\/project\/1321\/revisions"}],"predecessor-version":[{"id":2130,"href":"https:\/\/aragonnatural.lenguasdearagon.org\/index.php\/wp-json\/wp\/v2\/project\/1321\/revisions\/2130"}],"wp:featuredmedia":[{"embeddable":true,"href":"https:\/\/aragonnatural.lenguasdearagon.org\/index.php\/wp-json\/wp\/v2\/media\/646"}],"wp:attachment":[{"href":"https:\/\/aragonnatural.lenguasdearagon.org\/index.php\/wp-json\/wp\/v2\/media?parent=1321"}],"wp:term":[{"taxonomy":"project_category","embeddable":true,"href":"https:\/\/aragonnatural.lenguasdearagon.org\/index.php\/wp-json\/wp\/v2\/project_category?post=1321"},{"taxonomy":"project_tag","embeddable":true,"href":"https:\/\/aragonnatural.lenguasdearagon.org\/index.php\/wp-json\/wp\/v2\/project_tag?post=1321"}],"curies":[{"name":"wp","href":"https:\/\/api.w.org\/{rel}","templated":true}]}}