{"id":2404,"date":"2020-07-21T15:14:53","date_gmt":"2020-07-21T15:14:53","guid":{"rendered":"http:\/\/aragonnatural.lenguasdearagon.org\/?post_type=project&#038;p=2404"},"modified":"2020-07-23T09:40:28","modified_gmt":"2020-07-23T09:40:28","slug":"iberolacerta-bonnali","status":"publish","type":"project","link":"https:\/\/aragonnatural.lenguasdearagon.org\/index.php\/project\/iberolacerta-bonnali\/","title":{"rendered":"Iberolacerta bonnali"},"content":{"rendered":"<p>[et_pb_section fb_built=\u00bb1&#8243; fullwidth=\u00bbon\u00bb _builder_version=\u00bb4.4.9&#8243; use_background_color_gradient=\u00bbon\u00bb background_image=\u00bbhttps:\/\/aragonnatural.lenguasdearagon.org\/wp-content\/uploads\/2020\/07\/Benny_Trapp_Iberolacerta_bonnali.jpg\u00bb custom_padding=\u00bb||347px|||\u00bb][\/et_pb_section][et_pb_section fb_built=\u00bb1&#8243; _builder_version=\u00bb4.3.4&#8243; background_color=\u00bb#685e57&#8243;][et_pb_row column_structure=\u00bb1_2,1_2&#8243; _builder_version=\u00bb4.3.4&#8243;][et_pb_column type=\u00bb1_2&#8243; _builder_version=\u00bb4.3.4&#8243;][et_pb_text _builder_version=\u00bb4.4.9&#8243;]<\/p>\n<div class=\"et_pb_module et_pb_text et_pb_text_0  et_pb_text_align_left et_pb_bg_layout_light\">\n<div class=\"et_pb_text_inner\">\n<h3><span style=\"color: #ffffff;\"><em>Iberolacerta bonnali <\/em>Lantz<\/span><\/h3>\n<h3><\/h3>\n<p><span style=\"color: #ffffff;\">ARAGON\u00c9S \u00a0 \u00a0 \u00a0 \u00a0 \u00a0 \u00a0 \u00a0 \u00a0 \u00a0 \u00a0 \u00a0 Sargantana pirinenca<\/span><br \/> <span style=\"color: #ffffff;\"> CASTELLANO \u00a0 \u00a0 \u00a0 \u00a0 \u00a0 \u00a0 \u00a0 \u00a0 \u00a0 \u00a0Lagartija pirenaica<\/span><br \/> <span style=\"color: #ffffff;\"> CATAL\u00c1N DE ARAG\u00d3N \u00a0 \u00a0<\/span><span style=\"caret-color: #ffffff; color: #ffffff; font-size: 14px; background-color: #685e57;\">Sargantana pirinenca<\/span><\/p>\n<\/div>\n<\/div>\n<p>[\/et_pb_text][\/et_pb_column][et_pb_column type=\u00bb1_2&#8243; _builder_version=\u00bb4.3.4&#8243;][et_pb_text _builder_version=\u00bb4.4.9&#8243;]<\/p>\n<p><span style=\"color: #ffffff;\">La <strong>sargantana<\/strong> del Pirineo no fue definida como especie independiente hasta finales del siglo XX.\u00a0 Mide sobre 15 cm. de los que un tercio corresponden a la cola, es m\u00e1s bien peque\u00f1a, con la cabeza y el cuerpo aplanados para poder salir y entrar de las rendijas de las rocas en las que vive. Para distinguirla de la <strong>sargantana rocazera<\/strong>, con la que convive a menudo, hay que fijarse en las escamas que tiene en el morro, llamadas rostral y frontonasal: si se juntan se trata del endemismo pirenaico, si est\u00e1n separadas por las escamas laterales estamos ante una <strong>sargantana rocazera<\/strong>. Esta es una de las razones por las que no se reconoci\u00f3 como especie diferente hasta hace tan poco tiempo, por ser tan semejantes.<\/span><\/p>\n<p>[\/et_pb_text][\/et_pb_column][\/et_pb_row][\/et_pb_section][et_pb_section fb_built=\u00bb1&#8243; specialty=\u00bbon\u00bb _builder_version=\u00bb4.3.4&#8243; background_color=\u00bb#685e57&#8243;][et_pb_column type=\u00bb1_2&#8243; specialty_columns=\u00bb2&#8243; _builder_version=\u00bb3.25&#8243; custom_padding=\u00bb|||\u00bb custom_padding__hover=\u00bb|||\u00bb][et_pb_row_inner column_structure=\u00bb1_2,1_2&#8243; _builder_version=\u00bb4.3.4&#8243;][et_pb_column_inner type=\u00bb1_2&#8243; saved_specialty_column_type=\u00bb1_2&#8243; _builder_version=\u00bb4.3.4&#8243;][et_pb_image src=\u00bbhttps:\/\/aragonnatural.lenguasdearagon.org\/wp-content\/uploads\/2020\/07\/Sargantana-mapa.png\u00bb title_text=\u00bbSargantana mapa\u00bb show_in_lightbox=\u00bbon\u00bb _builder_version=\u00bb4.4.9&#8243;][\/et_pb_image][et_pb_image src=\u00bbhttps:\/\/aragonnatural.lenguasdearagon.org\/wp-content\/uploads\/2020\/07\/Sargantana-mapa-mundi.png\u00bb title_text=\u00bbSargantana mapa mundi\u00bb show_in_lightbox=\u00bbon\u00bb _builder_version=\u00bb4.4.9&#8243;][\/et_pb_image][\/et_pb_column_inner][et_pb_column_inner type=\u00bb1_2&#8243; saved_specialty_column_type=\u00bb1_2&#8243; _builder_version=\u00bb4.3.4&#8243;][et_pb_text _builder_version=\u00bb4.4.9&#8243; hover_enabled=\u00bb0&#8243;]<\/p>\n<p><span style=\"color: #ffffff;\">Como se ha indicado se trata de una especie end\u00e9mica que se encuentra, en poblaciones aisladas, desde el valle de Tena al \u00faltimo valle ribagorzano, y por el norte, Francia, desde el valle de Oussau al de Aure, esto es, el Pirineo central. En esta \u00e1rea se encuentra solamente en zonas que le son propicias, no cubre todo el territorio.<\/span><\/p>\n<p>[\/et_pb_text][\/et_pb_column_inner][\/et_pb_row_inner][\/et_pb_column][et_pb_column type=\u00bb1_2&#8243; _builder_version=\u00bb3.25&#8243; custom_padding=\u00bb|||\u00bb custom_padding__hover=\u00bb|||\u00bb][et_pb_image src=\u00bbhttps:\/\/aragonnatural.lenguasdearagon.org\/wp-content\/uploads\/2020\/07\/Pyrenean_rock_lizard_-_Pyrenee\u00ebnberghagedis_-_Iberolacerta_bonnali-copia.jpg\u00bb title_text=\u00bbPyrenean_rock_lizard_-_Pyrenee\u00ebnberghagedis_-_Iberolacerta_bonnali copia\u00bb _builder_version=\u00bb4.4.9&#8243;][\/et_pb_image][\/et_pb_column][\/et_pb_section][et_pb_section fb_built=\u00bb1&#8243; _builder_version=\u00bb4.3.4&#8243; background_color=\u00bb#685e57&#8243;][et_pb_row _builder_version=\u00bb4.3.4&#8243; background_color=\u00bb#685e57&#8243;][et_pb_column type=\u00bb4_4&#8243; _builder_version=\u00bb4.3.4&#8243;][et_pb_tabs _builder_version=\u00bb4.4.9&#8243; background_color=\u00bb#685e57&#8243;][et_pb_tab title=\u00bbH\u00e1bitat\u00bb _builder_version=\u00bb4.4.9&#8243; background_color=\u00bb#685e57&#8243; background_enable_color=\u00bbon\u00bb]<\/p>\n<p><span style=\"color: #ffffff;\">Vive en la alta monta\u00f1a, donde la nieve cubre el paisaje la mayor parte del a\u00f1o; est\u00e1 activa desde mediados de mayo a mediados de octubre. Sale entonces a tomar el sol para calentarse pero, en las horas de m\u00e1s fuerte radiaci\u00f3n ultravioleta, se refugia para no quemarse. En junio pone de 2 a 4 huevos de buen tama\u00f1o, en comparaci\u00f3n con su cuerpo, de los que saldr\u00e1n un mes m\u00e1s tarde las nuevas <strong>sargantanas<\/strong>. Aunque vive en las rocas: tarteras, gleras y pedrizas de alta monta\u00f1a entre 2000 y 3000 m. de altitud, se suele encontrar cerca de zonas con agua como arroyos e ibones y de pastos h\u00famedos. Entre noviembre y abril hiberna.<\/span><\/p>\n<p>[\/et_pb_tab][et_pb_tab title=\u00bbProtegida\u00bb _builder_version=\u00bb4.4.9&#8243; background_color=\u00bb#685e57&#8243; background_enable_color=\u00bbon\u00bb]<\/p>\n<p><span style=\"color: #ffffff;\">Debido a su rareza y a lo duro del territorio en el que vive, est\u00e1 protegida en los cat\u00e1logos aragon\u00e9s y espa\u00f1ol como especie Vulnerable. Sus poblaciones van a la baja debido a la perturbaci\u00f3n de su espacio vital y al cambio clim\u00e1tico, tambi\u00e9n a su captura por coleccionistas.<\/span><\/p>\n<p>[\/et_pb_tab][et_pb_tab title=\u00bbNombres\u00bb _builder_version=\u00bb4.4.9&#8243; background_color=\u00bb#685e57&#8243; background_enable_color=\u00bbon\u00bb]<\/p>\n<p><span style=\"color: #ffffff;\">Los nombres de las sargantanas en aragon\u00e9s y catal\u00e1n son similares, no obstante se dan decenas de variantes como sargantilla, changardina, sagardana, etc. m\u00e1s otras variantes del tipo engardaixina, engardachina, engartalla, etc. A menudo, dentro de una misma localidad se emplean media docena de nombres diferentes. Parece que su origen estar\u00eda en una palabra prelatina <em>*lakartana<\/em>, relacionada a su vez a trav\u00e9s del indoeuropeo con la latina <em>lacerta<\/em>.<\/span><\/p>\n<p>[\/et_pb_tab][\/et_pb_tabs][\/et_pb_column][\/et_pb_row][\/et_pb_section][et_pb_section fb_built=\u00bb1&#8243; _builder_version=\u00bb4.3.4&#8243; background_color=\u00bb#685e57&#8243;][et_pb_row column_structure=\u00bb1_3,2_3&#8243; _builder_version=\u00bb4.3.4&#8243;][et_pb_column type=\u00bb1_3&#8243; _builder_version=\u00bb4.3.4&#8243;][et_pb_button button_url=\u00bbhttp:\/\/bibliotecavirtual.aragon.es\/bva\/i18n\/catalogo_imagenes\/grupo.cmd?path=3718824&#8243; url_new_window=\u00bbon\u00bb button_text=\u00bbLibro \u201cAnfibios y reptiles de Arag\u00f3n%22&#8243; button_alignment=\u00bbcenter\u00bb _builder_version=\u00bb4.4.9&#8243; custom_button=\u00bbon\u00bb button_icon=\u00bb%%72%%\u00bb button_icon_color=\u00bb#000000&#8243; button_icon_placement=\u00bbleft\u00bb button_on_hover=\u00bboff\u00bb custom_padding=\u00bb|||41px|false|false\u00bb][\/et_pb_button][\/et_pb_column][et_pb_column type=\u00bb2_3&#8243; _builder_version=\u00bb4.3.4&#8243;][et_pb_gallery _builder_version=\u00bb4.4.9&#8243; gallery_ids=\u00bb2449,2448,2450&#8243; fullwidth=\u00bbon\u00bb background_layout=\u00bbdark\u00bb hover_enabled=\u00bb0&#8243;][\/et_pb_gallery][\/et_pb_column][\/et_pb_row][et_pb_row _builder_version=\u00bb4.4.9&#8243;][et_pb_column type=\u00bb4_4&#8243; _builder_version=\u00bb4.4.9&#8243;][et_pb_text _builder_version=\u00bb4.4.9&#8243;]<\/p>\n<h3 style=\"text-align: center;\"><span style=\"color: #ffffff;\">Observa las diferencias en las escamas de <i>Iberolacerta bonnali<\/i> y <i>Podarcis muralis<\/i><\/span><\/h3>\n<p>[\/et_pb_text][\/et_pb_column][\/et_pb_row][et_pb_row column_structure=\u00bb1_2,1_2&#8243; _builder_version=\u00bb4.4.9&#8243;][et_pb_column type=\u00bb1_2&#8243; _builder_version=\u00bb4.4.9&#8243;][et_pb_image src=\u00bbhttps:\/\/aragonnatural.lenguasdearagon.org\/wp-content\/uploads\/2020\/07\/Iberolacerta-escamas.jpg\u00bb title_text=\u00bbIberolacerta bonnali, escamas\u00bb show_in_lightbox=\u00bbon\u00bb _builder_version=\u00bb4.4.9&#8243;][\/et_pb_image][\/et_pb_column][et_pb_column type=\u00bb1_2&#8243; _builder_version=\u00bb4.4.9&#8243;][et_pb_image src=\u00bbhttps:\/\/aragonnatural.lenguasdearagon.org\/wp-content\/uploads\/2020\/07\/Podarcis-muralis-escamas.jpg\u00bb title_text=\u00bbPodarcis muralis, escamas\u00bb show_in_lightbox=\u00bbon\u00bb _builder_version=\u00bb4.4.9&#8243;][\/et_pb_image][\/et_pb_column][\/et_pb_row][et_pb_row _builder_version=\u00bb4.4.9&#8243;][et_pb_column type=\u00bb4_4&#8243; _builder_version=\u00bb4.4.9&#8243;][et_pb_text _builder_version=\u00bb4.4.9&#8243;]<\/p>\n<h3 style=\"text-align: center;\"><span style=\"color: #ffffff;\">Sargantanas aragonesas<\/span><\/h3>\n<p><span style=\"color: #ffffff;\">En Arag\u00f3n viven ocho especies de <strong>sargantanas<\/strong>, la mayor\u00eda propias del mediterr\u00e1neo occidental. Pertenecen a cuatro g\u00e9neros distintos: <em>Iberolacerta<\/em>, <em>Acanthodactylus<\/em>, <em>Zootoca<\/em> y el m\u00e1s diversiticado, <em>Psammodromus<\/em>.<\/span><\/p>\n<p>[\/et_pb_text][\/et_pb_column][\/et_pb_row][\/et_pb_section][et_pb_section fb_built=\u00bb1&#8243; _builder_version=\u00bb4.3.4&#8243; background_color=\u00bb#685e57&#8243;][et_pb_row _builder_version=\u00bb4.3.4&#8243; background_color=\u00bb#685e57&#8243; min_height=\u00bb256px\u00bb][et_pb_column type=\u00bb4_4&#8243; _builder_version=\u00bb4.3.4&#8243;][et_pb_tabs _builder_version=\u00bb4.4.9&#8243; body_text_color=\u00bb#f9f9f9&#8243; background_color=\u00bb#685e57&#8243;][et_pb_tab title=\u00bbG\u00e9nero Acanthodactylus\u00bb _builder_version=\u00bb4.4.9&#8243; tab_text_color=\u00bb#777777&#8243; background_color=\u00bb#685e57&#8243; background_enable_color=\u00bbon\u00bb link_option_url_new_window=\u00bbon\u00bb]<\/p>\n<p style=\"text-align: center;\"><span style=\"color: #ffffff;\"><em><a href=\"https:\/\/aragonnatural.lenguasdearagon.org\/wp-content\/uploads\/2020\/07\/1280px-Benny_Trapp_Acanthodactylus_erythrurus.jpg\"><\/a><a href=\"https:\/\/aragonnatural.lenguasdearagon.org\/wp-content\/uploads\/2020\/07\/1280px-Benny_Trapp_Acanthodactylus_erythrurus.jpg\"><img loading=\"lazy\" decoding=\"async\" src=\"https:\/\/aragonnatural.lenguasdearagon.org\/wp-content\/uploads\/2020\/07\/1280px-Benny_Trapp_Acanthodactylus_erythrurus-300x199.jpg\" width=\"300\" height=\"199\" alt=\"\" class=\"wp-image-2435 alignnone size-medium\" \/><\/a><a href=\"https:\/\/aragonnatural.lenguasdearagon.org\/wp-content\/uploads\/2020\/07\/1280px-Benny_Trapp_Acanthodactylus_erythrurus.jpg\"><\/a><\/em><\/span><\/p>\n<p style=\"text-align: center;\"><span style=\"color: #ffffff;\"><em><\/em><\/span><\/p>\n<ul>\n<li><span style=\"color: #ffffff;\"><em>Acanthodactylus erythrurus <\/em>(sargantana cudirroya, lagartija colirroja, sargantana cua-roja) Tiene el cuerpo robusto, es propia de terrenos secos, esteparios, gusta de zonas de yesos del valle medio del Ebro, desde las zonas m\u00e1s bajas hasta los 700 m. de altitud. Es buena corredora y su cola rojiza le ayuda a despistar a los predadores pues, como suele ser com\u00fan en las sargantanas, la desprende cuando es atacada. Se encuentra en la Pen\u00ednsula Ib\u00e9rica, Marruecos y Argelia.<\/span><span style=\"color: #ffffff;\"><\/span><\/li>\n<\/ul>\n<p>[\/et_pb_tab][et_pb_tab title=\u00bbG\u00e9nero Podarcis\u00bb _builder_version=\u00bb4.4.9&#8243; body_text_color=\u00bb#ffffff\u00bb tab_text_color=\u00bb#777777&#8243; background_color=\u00bb#685e57&#8243; background_enable_color=\u00bbon\u00bb]<\/p>\n<p style=\"text-align: center;\"><a href=\"https:\/\/aragonnatural.lenguasdearagon.org\/wp-content\/uploads\/2020\/07\/Podarcis-muralis-726856-4729889-1920-m-13.jpg\"><img loading=\"lazy\" decoding=\"async\" src=\"https:\/\/aragonnatural.lenguasdearagon.org\/wp-content\/uploads\/2020\/07\/Podarcis-muralis-726856-4729889-1920-m-13-300x200.jpg\" width=\"300\" height=\"200\" alt=\"\" class=\"wp-image-2437 alignnone size-medium\" \/><\/a><\/p>\n<ul>\n<li><span style=\"color: #ffffff;\"><em>Podarcis muralis<\/em> (sargantana rocazera, lagartija roquera, sargantana roquera o sargantilla). Similar a la pirenaica, algo m\u00e1s grande. Se considera especie eurosiberiana, vive desde el norte de la Pen\u00ednsula Ib\u00e9rica al norte de Anatolia, pasando por Francia, Alemania, Suiza, Italia o los Balcanes. Sube desde los 700 a los 2.500 m. de altitud por lo que est\u00e1 presente en Arag\u00f3n en los Pirineos, el Moncayo y la sierra de G\u00fadar.<\/span><\/li>\n<\/ul>\n<p style=\"text-align: center;\"><span style=\"color: #ffffff;\"><a href=\"https:\/\/aragonnatural.lenguasdearagon.org\/wp-content\/uploads\/2020\/07\/1280px-Catalan_Wall_Lizards_Podarcis_liolepis_40588664815.jpg\"><img loading=\"lazy\" decoding=\"async\" src=\"https:\/\/aragonnatural.lenguasdearagon.org\/wp-content\/uploads\/2020\/07\/1280px-Catalan_Wall_Lizards_Podarcis_liolepis_40588664815-300x190.jpg\" width=\"300\" height=\"190\" alt=\"\" class=\"wp-image-2438 alignnone size-medium\" \/><\/a><\/span><\/p>\n<p style=\"text-align: center;\"><span style=\"color: #ffffff;\"><\/span><\/p>\n<ul>\n<li><span style=\"color: #ffffff;\">\u00a0<em>Podarcis liolepis<\/em> (sargantana parda, lagartija parda) Peque\u00f1a, aplanada, complementa su distribuci\u00f3n con la sargantana roquera, ocupando en Arag\u00f3n todo el territorio desde las zonas bajas hasta los 2.000 m. de altitud. Hasta hace poco tiempo se consideraba que pertenec\u00eda a la especie <em>Podarcis hispanica<\/em>, en la actualidad se ha separado como especie distinta. Se distribuye por el cuadrante nororiental de la Pen\u00ednsula Ib\u00e9rica y sur de Francia.<\/span><\/li>\n<\/ul>\n<p>[\/et_pb_tab][et_pb_tab title=\u00bbG\u00e9nero Psammodromus\u00bb _builder_version=\u00bb4.4.9&#8243; body_text_color=\u00bb#ffffff\u00bb tab_text_color=\u00bb#777777&#8243; background_color=\u00bb#685e57&#8243; background_enable_color=\u00bbon\u00bb]<\/p>\n<p style=\"text-align: center;\"><span style=\"color: #ffffff;\"><em><a href=\"https:\/\/aragonnatural.lenguasdearagon.org\/wp-content\/uploads\/2020\/07\/Psammodromus-algirus.-2.jpg\"><img loading=\"lazy\" decoding=\"async\" src=\"https:\/\/aragonnatural.lenguasdearagon.org\/wp-content\/uploads\/2020\/07\/Psammodromus-algirus.-2-300x225.jpg\" width=\"300\" height=\"225\" alt=\"\" class=\"wp-image-2436 alignnone size-medium\" \/><\/a><\/em><\/span><\/p>\n<p style=\"text-align: center;\"><span style=\"color: #ffffff;\"><em><\/em><\/span><\/p>\n<ul>\n<li><span style=\"color: #ffffff;\"><em>Psammodromus algirus<\/em> (sargantana gripi\u00f3n, lagartija colilarga, sargantana cuallarga) Esbelta y larga lagartija de hasta 25 cm. de los que una buena parte corresponden a la cola. Sus escamas son aquilladas lo que la diferencia de otras sargantanas. Es una especie propia de matorrales y bosques mediterr\u00e1neos del mediterr\u00e1neo occidental: Pen\u00ednsula Ib\u00e9rica, noroeste de \u00c1frica, de Marruecos a T\u00fanez m\u00e1s una estrecha franja del sureste franc\u00e9s.\u00a0En la cultura popular aragonesa es considerada una especie situada entre las sargantanas (lagartijas) y los fardachos (lagartos), sin pertenecer a ninguno de ellos, por ello recibe nombres diferentes como \u00abgripi\u00f3n\u00bb y \u00absalamanquesa\u00bb.<\/span><\/li>\n<\/ul>\n<p style=\"text-align: center;\"><span style=\"color: #ffffff;\"><a href=\"https:\/\/aragonnatural.lenguasdearagon.org\/wp-content\/uploads\/2020\/07\/1280px-Benny_Trapp_Psammodromus_hispanicus.jpg\"><img loading=\"lazy\" decoding=\"async\" src=\"https:\/\/aragonnatural.lenguasdearagon.org\/wp-content\/uploads\/2020\/07\/1280px-Benny_Trapp_Psammodromus_hispanicus-300x201.jpg\" width=\"300\" height=\"201\" alt=\"\" class=\"wp-image-2439 alignnone size-medium\" \/><\/a><\/span><\/p>\n<p style=\"text-align: center;\"><span style=\"color: #ffffff;\"><\/span><\/p>\n<ul>\n<li><span style=\"color: #ffffff;\"><em>Psammodromus hispanicus<\/em> y <em>Psammodromus edwarsianus<\/em> (sargantana zenisosa, lagartija cenicienta, sargantana cendrosa). Se trata de dos especies de sargantanas que han resultado de la separaci\u00f3n taxon\u00f3mica de la especie <em>P. hipanicus<\/em> en tres nuevas especies: <em>edwarsianus<\/em>, <em>hispanicus<\/em> y <em>occidentalis<\/em>, que ocupan tres franjas de norte a sur de la Pen\u00ednsula Ib\u00e9rica y de Este a Oeste respectivamente. En Arag\u00f3n encontramos a las dos primeras, la de Edwards al sureste y sur, y la central en el valle del Ebro, aunque todav\u00eda no est\u00e1n claros los l\u00edmites entre ellas. Son peque\u00f1as, propias de paisajes \u00e1ridos con escasa vegetaci\u00f3n. La de Edwuards vive tambi\u00e9n en el sudeste de Francia.<\/span><\/li>\n<\/ul>\n<p>[\/et_pb_tab][et_pb_tab title=\u00bbG\u00e9nero Zootoca\u00bb _builder_version=\u00bb4.4.9&#8243; body_text_color=\u00bb#ffffff\u00bb tab_text_color=\u00bb#777777&#8243; background_color=\u00bb#685e57&#8243; background_enable_color=\u00bbon\u00bb]<\/p>\n<p style=\"text-align: center;\"><span style=\"color: #ffffff;\"><em><a href=\"https:\/\/aragonnatural.lenguasdearagon.org\/wp-content\/uploads\/2020\/07\/1280px-Common_lizard_Zootoca_vivipara.jpg\"><img loading=\"lazy\" decoding=\"async\" src=\"https:\/\/aragonnatural.lenguasdearagon.org\/wp-content\/uploads\/2020\/07\/1280px-Common_lizard_Zootoca_vivipara-300x200.jpg\" width=\"300\" height=\"200\" alt=\"\" class=\"wp-image-2440 alignnone size-medium\" \/><\/a><\/em><\/span><\/p>\n<p style=\"text-align: center;\"><span style=\"color: #ffffff;\"><em><\/em><\/span><\/p>\n<ul>\n<li><span style=\"color: #ffffff;\"><em>Zootoca vivipara<\/em> (sargantana de mollar, lagartija de turbera, sargantana vivipara) Especie acostumbrada al fr\u00edo, vive en zonas h\u00famedas como praderas y m\u00e1rgenes de arroyos. Ocupa una franja septentrional en la Pen\u00ednsula Ib\u00e9rica y buena parte de Eurasia, desde Irlanda y Escandinavia hasta Jap\u00f3n. Tiene la mayor distribuci\u00f3n entre las especies de reptiles. A pesar de ello, en Arag\u00f3n se restringe a algunas zonas del alto Pirineo, desde Ans\u00f3 a Ben\u00e1s y desde los 1.100 m. a los 2.400 m. de altitud. Como curiosidad, la hembra no pone huevos sino que, normalmente, \u00abpare\u00bb sus cr\u00edas ya formadas despu\u00e9s de eclosionar en su interior.<\/span><\/li>\n<\/ul>\n<p>[\/et_pb_tab][\/et_pb_tabs][\/et_pb_column][\/et_pb_row][et_pb_row column_structure=\u00bb1_2,1_2&#8243; _builder_version=\u00bb4.4.9&#8243;][et_pb_column type=\u00bb1_2&#8243; _builder_version=\u00bb4.4.9&#8243;][et_pb_text _builder_version=\u00bb4.4.9&#8243;]<\/p>\n<h3><span style=\"color: #ffffff;\">La Singardalla Sabia<\/span><\/h3>\n<p><span style=\"color: #ffffff;\"> En 1984 los alumnos de la escuela de Villanova\/Vilanova, en el valle de Ben\u00e1s, escribieron un cuento titulado <em>La Singardalla Sabia<\/em>. Gan\u00f3 el Premio de Narrasi\u00f3n ta la Mainada \u00abGuay\u00e9n\u00bb y se public\u00f3 en 1997. El texto est\u00e1 escrito en aragon\u00e9s benasqu\u00e9s, con una versi\u00f3n en aragon\u00e9s com\u00fan, por lo que es \u00fatil para poder comparar y descubrir algo m\u00e1s del aragon\u00e9s hablado en la Vall de Ben\u00e1s.<\/span><\/p>\n<p>[\/et_pb_text][\/et_pb_column][et_pb_column type=\u00bb1_2&#8243; _builder_version=\u00bb4.4.9&#8243;][et_pb_image src=\u00bbhttps:\/\/aragonnatural.lenguasdearagon.org\/wp-content\/uploads\/2020\/07\/Singardalla-sabia2.jpg\u00bb title_text=\u00bbSingardalla sabia2&#8243; url=\u00bbhttps:\/\/aragonnatural.lenguasdearagon.org\/wp-content\/uploads\/2020\/07\/La-singardalla-sabia.pdf\u00bb url_new_window=\u00bbon\u00bb _builder_version=\u00bb4.4.9&#8243; height=\u00bb260px\u00bb][\/et_pb_image][\/et_pb_column][\/et_pb_row][\/et_pb_section]<\/p>\n","protected":false},"excerpt":{"rendered":"<p>Iberolacerta bonnali Lantz ARAGON\u00c9S \u00a0 \u00a0 \u00a0 \u00a0 \u00a0 \u00a0 \u00a0 \u00a0 \u00a0 \u00a0 \u00a0 Sargantana pirinenca CASTELLANO \u00a0 \u00a0 \u00a0 \u00a0 \u00a0 \u00a0 \u00a0 \u00a0 \u00a0 \u00a0Lagartija pirenaica CATAL\u00c1N DE ARAG\u00d3N \u00a0 \u00a0Sargantana pirinenca La sargantana del Pirineo no fue definida como especie independiente hasta finales del siglo XX.\u00a0 Mide sobre 15 cm. de [&hellip;]<\/p>\n","protected":false},"author":4,"featured_media":2408,"comment_status":"open","ping_status":"closed","template":"","meta":{"_et_pb_use_builder":"on","_et_pb_old_content":"","_et_gb_content_width":"","footnotes":""},"project_category":[18],"project_tag":[],"class_list":["post-2404","project","type-project","status-publish","has-post-thumbnail","hentry","project_category-reptiles"],"_links":{"self":[{"href":"https:\/\/aragonnatural.lenguasdearagon.org\/index.php\/wp-json\/wp\/v2\/project\/2404","targetHints":{"allow":["GET"]}}],"collection":[{"href":"https:\/\/aragonnatural.lenguasdearagon.org\/index.php\/wp-json\/wp\/v2\/project"}],"about":[{"href":"https:\/\/aragonnatural.lenguasdearagon.org\/index.php\/wp-json\/wp\/v2\/types\/project"}],"author":[{"embeddable":true,"href":"https:\/\/aragonnatural.lenguasdearagon.org\/index.php\/wp-json\/wp\/v2\/users\/4"}],"replies":[{"embeddable":true,"href":"https:\/\/aragonnatural.lenguasdearagon.org\/index.php\/wp-json\/wp\/v2\/comments?post=2404"}],"version-history":[{"count":11,"href":"https:\/\/aragonnatural.lenguasdearagon.org\/index.php\/wp-json\/wp\/v2\/project\/2404\/revisions"}],"predecessor-version":[{"id":2453,"href":"https:\/\/aragonnatural.lenguasdearagon.org\/index.php\/wp-json\/wp\/v2\/project\/2404\/revisions\/2453"}],"wp:featuredmedia":[{"embeddable":true,"href":"https:\/\/aragonnatural.lenguasdearagon.org\/index.php\/wp-json\/wp\/v2\/media\/2408"}],"wp:attachment":[{"href":"https:\/\/aragonnatural.lenguasdearagon.org\/index.php\/wp-json\/wp\/v2\/media?parent=2404"}],"wp:term":[{"taxonomy":"project_category","embeddable":true,"href":"https:\/\/aragonnatural.lenguasdearagon.org\/index.php\/wp-json\/wp\/v2\/project_category?post=2404"},{"taxonomy":"project_tag","embeddable":true,"href":"https:\/\/aragonnatural.lenguasdearagon.org\/index.php\/wp-json\/wp\/v2\/project_tag?post=2404"}],"curies":[{"name":"wp","href":"https:\/\/api.w.org\/{rel}","templated":true}]}}