{"id":797,"date":"2020-03-11T11:40:19","date_gmt":"2020-03-11T11:40:19","guid":{"rendered":"http:\/\/aragonnatural.lenguasdearagon.org\/?post_type=project&#038;p=797"},"modified":"2020-07-15T09:28:04","modified_gmt":"2020-07-15T09:28:04","slug":"taxus-baccata","status":"publish","type":"project","link":"https:\/\/aragonnatural.lenguasdearagon.org\/index.php\/project\/taxus-baccata\/","title":{"rendered":"Taxus baccata"},"content":{"rendered":"<p>[et_pb_section fb_built=\u00bb1&#8243; fullwidth=\u00bbon\u00bb _builder_version=\u00bb4.4.7&#8243; use_background_color_gradient=\u00bbon\u00bb background_image=\u00bbhttps:\/\/aragonnatural.lenguasdearagon.org\/wp-content\/uploads\/2020\/05\/yew-185279_1920-2.jpg\u00bb parallax=\u00bbon\u00bb custom_padding=\u00bb||347px|||\u00bb][\/et_pb_section][et_pb_section fb_built=\u00bb1&#8243; _builder_version=\u00bb4.3.4&#8243; background_color=\u00bb#685e57&#8243;][et_pb_row column_structure=\u00bb1_2,1_2&#8243; _builder_version=\u00bb4.3.4&#8243;][et_pb_column type=\u00bb1_2&#8243; _builder_version=\u00bb4.3.4&#8243;][et_pb_text _builder_version=\u00bb4.4.7&#8243;]<\/p>\n<div class=\"et_pb_module et_pb_text et_pb_text_0  et_pb_text_align_left et_pb_bg_layout_light\">\n<div class=\"et_pb_text_inner\">\n<h3><span style=\"color: #ffffff;\"><i>Taxus baccata <\/i>L.<\/span><\/h3>\n<p><span style=\"color: #ffffff;\">ARAGON\u00c9S \u00a0 \u00a0 \u00a0 \u00a0 \u00a0 \u00a0 \u00a0 \u00a0 \u00a0 \u00a0 \u00a0 Taxo<\/span><br \/> <span style=\"color: #ffffff;\"> CASTELLANO \u00a0 \u00a0 \u00a0 \u00a0 \u00a0 \u00a0 \u00a0 \u00a0 \u00a0 \u00a0Tejo<\/span><br \/> <span style=\"color: #ffffff;\"> CATAL\u00c1N DE ARAG\u00d3N \u00a0 \u00a0Teix<\/span><\/p>\n<\/div>\n<\/div>\n<p>[\/et_pb_text][\/et_pb_column][et_pb_column type=\u00bb1_2&#8243; _builder_version=\u00bb4.3.4&#8243;][et_pb_text _builder_version=\u00bb4.3.4&#8243;]<\/p>\n<p><span style=\"color: #ffffff;\">\u00c1rbol de hasta 18 m. de altura, que m\u00e1s normalmente mide entre 4 y 10 m. El tronco es recio con corteza que se desprende en placas. Las hojas son alargadas y estrechas, de hasta 3 cm. de longitud, similares a las del abeto, aunque m\u00e1s suaves al tacto. Son de color verde oscuro por el haz, lo que da al follaje un tono oscuro, y m\u00e1s claras por el env\u00e9s. Se juntan a la ramilla por medio de un rabillo que parece pegado a la misma. El fruto, que tienen los \u00e1rboles hembra pues es especie dioica, es un peque\u00f1o hueso ovoide \u2013la semilla\u2013, rodeada, salvo por la punta, por una parte carnosa que en la madurez toma un color rojo vivo caracter\u00edstico.<\/span><\/p>\n<p>[\/et_pb_text][\/et_pb_column][\/et_pb_row][\/et_pb_section][et_pb_section fb_built=\u00bb1&#8243; specialty=\u00bbon\u00bb _builder_version=\u00bb4.3.4&#8243; background_color=\u00bb#685e57&#8243;][et_pb_column type=\u00bb1_2&#8243; specialty_columns=\u00bb2&#8243; _builder_version=\u00bb3.25&#8243; custom_padding=\u00bb|||\u00bb custom_padding__hover=\u00bb|||\u00bb][et_pb_row_inner column_structure=\u00bb1_2,1_2&#8243; _builder_version=\u00bb4.3.4&#8243;][et_pb_column_inner type=\u00bb1_2&#8243; saved_specialty_column_type=\u00bb1_2&#8243; _builder_version=\u00bb4.3.4&#8243;][et_pb_image src=\u00bbhttps:\/\/aragonnatural.lenguasdearagon.org\/wp-content\/uploads\/2020\/03\/mapa-bichos-Taxo.png\u00bb title_text=\u00bbmapa bichos Taxo\u00bb show_in_lightbox=\u00bbon\u00bb _builder_version=\u00bb4.4.7&#8243;][\/et_pb_image][et_pb_image src=\u00bbhttps:\/\/aragonnatural.lenguasdearagon.org\/wp-content\/uploads\/2020\/05\/mapamunid_mudo_taxo.png\u00bb title_text=\u00bbmapamunid_mudo_taxo\u00bb show_in_lightbox=\u00bbon\u00bb _builder_version=\u00bb4.4.7&#8243;][\/et_pb_image][\/et_pb_column_inner][et_pb_column_inner type=\u00bb1_2&#8243; saved_specialty_column_type=\u00bb1_2&#8243; _builder_version=\u00bb4.3.4&#8243;][et_pb_text _builder_version=\u00bb4.3.4&#8243;]<\/p>\n<p><span style=\"color: #ffffff;\">El <strong>taxo<\/strong> crece en zonas calizas con algo de humedad: barrancos, laderas umbr\u00edas, claros de abetal, hayedo o robledal. Principalmente entre los 1000 y los 1750 m. de altitud. En Arag\u00f3n se encuentra en zonas de monta\u00f1a del Pirineo y del Sistema Ib\u00e9rico. Fuera de Arag\u00f3n, es una especie de distribuci\u00f3n europea y tambi\u00e9n se halla en el oeste de Asia y norte de \u00c1frica, en poblaciones a menudo aisladas, sin seguir una distribuci\u00f3n homog\u00e9nea.<\/span><\/p>\n<p>[\/et_pb_text][\/et_pb_column_inner][\/et_pb_row_inner][\/et_pb_column][et_pb_column type=\u00bb1_2&#8243; _builder_version=\u00bb3.25&#8243; custom_padding=\u00bb|||\u00bb custom_padding__hover=\u00bb|||\u00bb][et_pb_image src=\u00bbhttps:\/\/aragonnatural.lenguasdearagon.org\/wp-content\/uploads\/2020\/05\/yew-4634637_1920.jpg\u00bb title_text=\u00bbyew-4634637_1920&#8243; _builder_version=\u00bb4.4.7&#8243;][\/et_pb_image][\/et_pb_column][\/et_pb_section][et_pb_section fb_built=\u00bb1&#8243; _builder_version=\u00bb4.3.4&#8243; background_color=\u00bb#685e57&#8243;][et_pb_row _builder_version=\u00bb4.3.4&#8243; background_color=\u00bb#685e57&#8243;][et_pb_column type=\u00bb4_4&#8243; _builder_version=\u00bb4.3.4&#8243;][et_pb_tabs _builder_version=\u00bb4.4.7&#8243; background_color=\u00bb#685e57&#8243;][et_pb_tab title=\u00bbVenenoso\u00bb _builder_version=\u00bb4.4.7&#8243; background_color=\u00bb#685e57&#8243; background_enable_color=\u00bbon\u00bb]<\/p>\n<p><span style=\"color: #ffffff;\">El <strong>taxo<\/strong> es un \u00e1rbol venenoso debido a la taxina, un fuerte alcaloide, lo que no impide que los sarrios o las cabras coman parte de su ramaje en inviernos crudos. Los frutos son del gusto de aves y zorros, que aprovechan el arilo, la parte carnosa roja, y expulsan la semilla despu\u00e9s de pasarla por el tracto digestivo. Esto permite que el \u00e1rbol se reproduzca, pues la c\u00e1scara que la protege es demasiado dura y los \u00e1cidos de los est\u00f3magos la ablandan y permiten que germine sin dificultades. No obstante, en las zonas en las que abundan los tejos es f\u00e1cil ver a los ni\u00f1os y ni\u00f1as comer los mentados arilos, pues tienen buen sabor.<\/span><\/p>\n<p>[\/et_pb_tab][et_pb_tab title=\u00bbSombra\u00bb _builder_version=\u00bb4.4.7&#8243; background_color=\u00bb#685e57&#8243; background_enable_color=\u00bbon\u00bb]<\/p>\n<p><span style=\"color: #ffffff;\">La sombra de <strong>tejo<\/strong> se ha considerado mala desde tiempos antiguos, por ejemplo, por Diosc\u00f3rides, frente a la del pino, que es buena. Ovidio describi\u00f3 el camino al infierno bordeado de tejos y, de hecho, es el \u00e1rbol de los cementerios en la zona de tradici\u00f3n celta, no as\u00ed en la mediterr\u00e1nea, que se inclina por el cipr\u00e9s.<\/span><\/p>\n<p>[\/et_pb_tab][et_pb_tab title=\u00bbSingulares\u00bb _builder_version=\u00bb4.4.7&#8243; background_color=\u00bb#685e57&#8243; background_enable_color=\u00bbon\u00bb]<\/p>\n<p><span style=\"color: #ffffff;\">Su madera\u00a0 ha sido apreciada desde siempre y con sus ramas se realizaban los mejores arcos, lo que llev\u00f3 a que fuera considerada especie estrat\u00e9gica en la guerra de los Cien A\u00f1os, entre ingleses y francos. No es f\u00e1cil encontrar ejemplares silvestres de gran tama\u00f1o, seguramente debido a su toxicidad, pero habr\u00eda que se\u00f1alar algunos declarados \u00e1rboles singulares en Arag\u00f3n como los siguientes: el <strong>teix<\/strong> del barranco Sacos de Bielsa; los <strong>taxos<\/strong> de la Foya de los Ingenieros, de Linza, de Mazand\u00fa y de la Mina en Ans\u00f3; el <strong>taxo<\/strong> de Lasieso en Biescas; el <strong>tacho<\/strong> de Pomard\u00e1n en Bailo; el <strong>taxo<\/strong> <em>d&#8217;a<\/em> Mirona en Fanlo; el <strong>tejo<\/strong> de los Charcos en Manzanera; el <strong>taxo<\/strong> de Lapazosa en Torla; el <strong>teix<\/strong> del <em>barranc<\/em> del Corv de Beseit \/ Beceite; y el <strong>tajo<\/strong> del barranco de las Tejedas en Noguera, que, por cierto, explica en el top\u00f3nimo la existencia de bosques de tejos en esa zona.<\/span><\/p>\n<p><span style=\"color: #ffffff;\">Para saber m\u00e1s de los \u00e1rboles singulares de Arag\u00f3n, <span style=\"text-decoration: underline;\"><a href=\"https:\/\/aplicaciones.aragon.es\/siarw\/iniciarAction.do;jsessionid=BhXZCdJdVvHAo1VMlMAV820WQp5eaRmyrCLIRdSm8yT-GZcZ6rkY!-1643288938iniciarAction.do;jsessionid=BhXZCdJdVvHAo1VMlMAV820WQp5eaRmyrCLIRdSm8yT-GZcZ6rkY!-1643288938\" target=\"_blank\" rel=\"noopener noreferrer\" style=\"color: #ffffff; text-decoration: underline;\">puedes entrar en este enlace<\/a><\/span>.<\/span><\/p>\n<p>[\/et_pb_tab][et_pb_tab title=\u00bbNombres\u00bb _builder_version=\u00bb4.4.7&#8243; background_color=\u00bb#685e57&#8243; background_enable_color=\u00bbon\u00bb]<\/p>\n<p><span style=\"color: #ffffff;\">Los nombres comunes <strong>taxo<\/strong>, <strong>teix<\/strong> y <strong>tejo,<\/strong> con sus variantes en Arag\u00f3n, <em>teixo<\/em>, <em>tacho<\/em>, <em>texo<\/em> y <em>tajo<\/em> provienen del lat\u00edn <em>taxus<\/em>. Se suele derivar del griego <em>toxon<\/em> \u2018arco\u2019, pues es una madera apreciada desde la antig\u00fcedad para fabricar arcos. Otra teor\u00eda lo relaciona con la palabra tambi\u00e9n griega <em>toxikon<\/em> \u2018t\u00f3xico\u2019, por sus propiedades venenosas, aunque su origen es <em>toxikon pharmakon<\/em> \u00abveneno para las flechas\u00bb del arco, pues con <strong>taxo<\/strong> emponzo\u00f1aban las flechas los arqueros griegos.<\/span><\/p>\n<p>[\/et_pb_tab][\/et_pb_tabs][\/et_pb_column][\/et_pb_row][\/et_pb_section][et_pb_section fb_built=\u00bb1&#8243; _builder_version=\u00bb4.3.4&#8243; background_color=\u00bb#685e57&#8243;][et_pb_row column_structure=\u00bb1_3,2_3&#8243; _builder_version=\u00bb4.3.4&#8243;][et_pb_column type=\u00bb1_3&#8243; _builder_version=\u00bb4.3.4&#8243;][et_pb_button button_url=\u00bbhttps:\/\/youtu.be\/u_iHVgCSjL8&#8243; button_text=\u00bbVideo\u00bb button_alignment=\u00bbcenter\u00bb _builder_version=\u00bb4.4.7&#8243; custom_button=\u00bbon\u00bb button_icon=\u00bb%%129%%\u00bb button_icon_color=\u00bb#000000&#8243; button_icon_placement=\u00bbleft\u00bb button_on_hover=\u00bboff\u00bb custom_padding=\u00bb|||41px|false|false\u00bb][\/et_pb_button][\/et_pb_column][et_pb_column type=\u00bb2_3&#8243; _builder_version=\u00bb4.3.4&#8243;][et_pb_gallery gallery_ids=\u00bb1972,1984,1982,1977&#8243; fullwidth=\u00bbon\u00bb _builder_version=\u00bb4.4.7&#8243;][\/et_pb_gallery][\/et_pb_column][\/et_pb_row][\/et_pb_section][et_pb_section fb_built=\u00bb1&#8243; _builder_version=\u00bb4.3.4&#8243; background_color=\u00bb#685e57&#8243;][et_pb_row column_structure=\u00bb2_5,3_5&#8243; _builder_version=\u00bb4.3.4&#8243;][et_pb_column type=\u00bb2_5&#8243; _builder_version=\u00bb4.3.4&#8243;][et_pb_text _builder_version=\u00bb4.4.7&#8243;]<\/p>\n<h3><span style=\"color: #ffffff;\">\u00bfC\u00f3mo distinguirlo de otras con\u00edferas? <\/span><\/h3>\n<p><span style=\"color: #ffffff;\">De los pinos, porque en estos las hojas crecen a pares y en el tejo nacen solas de la ramilla. Las hojas de abeto, m\u00e1s parecidas, se insertan en la ramilla con una especie de ventosa, frente al pec\u00edolo alargado sobre la misma del <strong>tejo<\/strong>. Las rayas blancas del env\u00e9s en el abeto son muy vistosas, no as\u00ed en el <strong>teix<\/strong>. En los jardines, de las p\u00edceas, porque \u00e9stas tiene las hojas m\u00e1s redondeadas, no tan planas y, si nos fijamos, veremos pi\u00f1as colgantes que el <strong>taxo<\/strong> no tiene. De los cedros o del alerce, porque sus hojas crecen en grupos de decenas y las del <strong>teix,<\/strong> ya hemos dicho, que son solitarias. Del enebro, porque pinchan y las del <strong>taxo<\/strong> son suaves. El fruto es totalmente diferente de toda ellas, en general, pi\u00f1as.<\/span><\/p>\n<p><span style=\"color: #ffffff;\">Observa las hojas de las fotos y podr\u00e1s diferenciar \u00a0cu\u00e1les son las del <strong>taxo.<\/strong><\/span><\/p>\n<p>[\/et_pb_text][\/et_pb_column][et_pb_column type=\u00bb3_5&#8243; _builder_version=\u00bb4.3.4&#8243;][et_pb_gallery gallery_ids=\u00bb1981,1980,1979,1976,1975,1974,1973,1970,1978&#8243; _builder_version=\u00bb4.4.7&#8243; title_font_size=\u00bb13px\u00bb background_layout=\u00bbdark\u00bb border_style_all_image=\u00bbdashed\u00bb][\/et_pb_gallery][\/et_pb_column][\/et_pb_row][\/et_pb_section]<\/p>\n","protected":false},"excerpt":{"rendered":"<p>Taxus baccata L. ARAGON\u00c9S \u00a0 \u00a0 \u00a0 \u00a0 \u00a0 \u00a0 \u00a0 \u00a0 \u00a0 \u00a0 \u00a0 Taxo CASTELLANO \u00a0 \u00a0 \u00a0 \u00a0 \u00a0 \u00a0 \u00a0 \u00a0 \u00a0 \u00a0Tejo CATAL\u00c1N DE ARAG\u00d3N \u00a0 \u00a0Teix \u00c1rbol de hasta 18 m. de altura, que m\u00e1s normalmente mide entre 4 y 10 m. El tronco es recio con corteza que [&hellip;]<\/p>\n","protected":false},"author":4,"featured_media":543,"comment_status":"open","ping_status":"closed","template":"","meta":{"_et_pb_use_builder":"on","_et_pb_old_content":"","_et_gb_content_width":"","footnotes":""},"project_category":[4],"project_tag":[],"class_list":["post-797","project","type-project","status-publish","has-post-thumbnail","hentry","project_category-flora"],"_links":{"self":[{"href":"https:\/\/aragonnatural.lenguasdearagon.org\/index.php\/wp-json\/wp\/v2\/project\/797","targetHints":{"allow":["GET"]}}],"collection":[{"href":"https:\/\/aragonnatural.lenguasdearagon.org\/index.php\/wp-json\/wp\/v2\/project"}],"about":[{"href":"https:\/\/aragonnatural.lenguasdearagon.org\/index.php\/wp-json\/wp\/v2\/types\/project"}],"author":[{"embeddable":true,"href":"https:\/\/aragonnatural.lenguasdearagon.org\/index.php\/wp-json\/wp\/v2\/users\/4"}],"replies":[{"embeddable":true,"href":"https:\/\/aragonnatural.lenguasdearagon.org\/index.php\/wp-json\/wp\/v2\/comments?post=797"}],"version-history":[{"count":8,"href":"https:\/\/aragonnatural.lenguasdearagon.org\/index.php\/wp-json\/wp\/v2\/project\/797\/revisions"}],"predecessor-version":[{"id":2197,"href":"https:\/\/aragonnatural.lenguasdearagon.org\/index.php\/wp-json\/wp\/v2\/project\/797\/revisions\/2197"}],"wp:featuredmedia":[{"embeddable":true,"href":"https:\/\/aragonnatural.lenguasdearagon.org\/index.php\/wp-json\/wp\/v2\/media\/543"}],"wp:attachment":[{"href":"https:\/\/aragonnatural.lenguasdearagon.org\/index.php\/wp-json\/wp\/v2\/media?parent=797"}],"wp:term":[{"taxonomy":"project_category","embeddable":true,"href":"https:\/\/aragonnatural.lenguasdearagon.org\/index.php\/wp-json\/wp\/v2\/project_category?post=797"},{"taxonomy":"project_tag","embeddable":true,"href":"https:\/\/aragonnatural.lenguasdearagon.org\/index.php\/wp-json\/wp\/v2\/project_tag?post=797"}],"curies":[{"name":"wp","href":"https:\/\/api.w.org\/{rel}","templated":true}]}}