{"id":813,"date":"2020-03-11T11:42:54","date_gmt":"2020-03-11T11:42:54","guid":{"rendered":"http:\/\/aragonnatural.lenguasdearagon.org\/?post_type=project&#038;p=813"},"modified":"2020-07-21T14:22:08","modified_gmt":"2020-07-21T14:22:08","slug":"ramonda-myconi","status":"publish","type":"project","link":"https:\/\/aragonnatural.lenguasdearagon.org\/index.php\/project\/ramonda-myconi\/","title":{"rendered":"Ramonda myconi"},"content":{"rendered":"<p>[et_pb_section fb_built=\u00bb1&#8243; fullwidth=\u00bbon\u00bb _builder_version=\u00bb4.3.4&#8243; use_background_color_gradient=\u00bbon\u00bb background_image=\u00bbhttps:\/\/aragonnatural.lenguasdearagon.org\/wp-content\/uploads\/2020\/03\/Ramonda-myconi-Montrebei-14web.jpg\u00bb parallax=\u00bbon\u00bb custom_padding=\u00bb||347px|||\u00bb][\/et_pb_section][et_pb_section fb_built=\u00bb1&#8243; _builder_version=\u00bb4.3.4&#8243; background_color=\u00bb#685e57&#8243;][et_pb_row column_structure=\u00bb1_2,1_2&#8243; _builder_version=\u00bb4.3.4&#8243;][et_pb_column type=\u00bb1_2&#8243; _builder_version=\u00bb4.3.4&#8243;][et_pb_text _builder_version=\u00bb4.4.9&#8243;]<\/p>\n<div class=\"et_pb_module et_pb_text et_pb_text_0  et_pb_text_align_left et_pb_bg_layout_light\">\n<div class=\"et_pb_text_inner\">\n<h3><span style=\"color: #ffffff;\"><em>Ramonda myconi<\/em> (L.) Rchb. <\/span><\/h3>\n<p><span style=\"color: #ffffff;\">ARAGON\u00c9S \u00a0 \u00a0 \u00a0 \u00a0 \u00a0 \u00a0 \u00a0 \u00a0 \u00a0 \u00a0 \u00a0 \u00a0Orella d&#8217;onso<\/span><br \/> <span style=\"color: #ffffff;\"> CASTELLANO \u00a0 \u00a0 \u00a0 \u00a0 \u00a0 \u00a0 \u00a0 \u00a0 \u00a0 \u00a0 Oreja de oso<\/span><br \/> <span style=\"color: #ffffff;\"> CATAL\u00c1N DE ARAG\u00d3N \u00a0 \u00a0 Orella d&#8217;\u00f3s<\/span><\/p>\n<\/div>\n<\/div>\n<p>[\/et_pb_text][\/et_pb_column][et_pb_column type=\u00bb1_2&#8243; _builder_version=\u00bb4.3.4&#8243;][et_pb_text _builder_version=\u00bb4.3.4&#8243;]<\/p>\n<p><span style=\"color: #ffffff;\">La <b>orella d&#8217;onso<\/b> es una peque\u00f1a planta que crece pegada a las rocas, en grietas y rellanos de acantilados y grandes bloques calizos. Sus hojas forman rosetas, son rugosas, recias, ovadas, dentadas y lobuladas (crenadas), verdes, con algo de pilosidad por el haz, que es densa y rojiza por el env\u00e9s. Las flores tienen 5 p\u00e9talos de color lila, amarillos en la garganta, con pelos, formando un c\u00edrculo claro que enmarca a los estambres, amarillos tambi\u00e9n. Tiene muchas ra\u00edces que le ayudan tanto a sujetarse como a encontrar agua y alimento en un sustrato tan inerte como el de las rocas y las paredes. En tiempos de sequ\u00eda se puede desecar pareciendo muerta, pero, cuando vuelve la humedad, se rehidrata y vuelve a reverdecer. A este fen\u00f3meno, raro entre las plantas vasculares, se le denomina revivificaci\u00f3n. Esto se produce gracias a la presencia de rafinosa, un carbohidrato, y a la acumulaci\u00f3n de sacarosa, que evita la cristalizaci\u00f3n y la muerte de la planta. Es una de las adaptaciones de esta flor tan especial al h\u00e1bitat en el que crece, como los abundantes pelos que captan la humedad y evitan la evapotranspiraci\u00f3n.<\/span><\/p>\n<p>[\/et_pb_text][\/et_pb_column][\/et_pb_row][\/et_pb_section][et_pb_section fb_built=\u00bb1&#8243; specialty=\u00bbon\u00bb _builder_version=\u00bb4.3.4&#8243; background_color=\u00bb#685e57&#8243;][et_pb_column type=\u00bb1_2&#8243; specialty_columns=\u00bb2&#8243; _builder_version=\u00bb3.25&#8243; custom_padding=\u00bb|||\u00bb custom_padding__hover=\u00bb|||\u00bb][et_pb_row_inner column_structure=\u00bb1_2,1_2&#8243; _builder_version=\u00bb4.3.4&#8243;][et_pb_column_inner type=\u00bb1_2&#8243; saved_specialty_column_type=\u00bb1_2&#8243; _builder_version=\u00bb4.3.4&#8243;][et_pb_image src=\u00bbhttps:\/\/aragonnatural.lenguasdearagon.org\/wp-content\/uploads\/2020\/03\/mapa-bichos-orella.png\u00bb show_in_lightbox=\u00bbon\u00bb _builder_version=\u00bb4.3.4&#8243;][\/et_pb_image][et_pb_image src=\u00bbhttps:\/\/aragonnatural.lenguasdearagon.org\/wp-content\/uploads\/2020\/03\/mapamunid_mudo_Orella-dOnso.jpg\u00bb show_in_lightbox=\u00bbon\u00bb _builder_version=\u00bb4.3.4&#8243;][\/et_pb_image][\/et_pb_column_inner][et_pb_column_inner type=\u00bb1_2&#8243; saved_specialty_column_type=\u00bb1_2&#8243; _builder_version=\u00bb4.3.4&#8243;][et_pb_text _builder_version=\u00bb4.4.9&#8243;]<\/p>\n<p><span style=\"color: #ffffff;\">Se trata de una bonita flor end\u00e9mica del Pirineo, el Prepirineo, los Puertos de Tortosa (<span>junto a los Ports de Beseit)<\/span>, donde se descubri\u00f3 en el a\u00f1o 2005, y la cercana Serra del Montsi\u00e1 (Tarragona). Su l\u00edmite occidental est\u00e1 en Navarra, no lejos del valle de Ans\u00f3. Crece asociada a rocas calizas, tanto en paredes como en grandes rocas, buscando situaciones sombr\u00edas y frescas. Se encuentra desde los 400 a los 2.200 m. de altitud, con valores extremos en 80 y 2.250 m.<\/span><\/p>\n<p>[\/et_pb_text][\/et_pb_column_inner][\/et_pb_row_inner][\/et_pb_column][et_pb_column type=\u00bb1_2&#8243; _builder_version=\u00bb3.25&#8243; custom_padding=\u00bb|||\u00bb custom_padding__hover=\u00bb|||\u00bb][et_pb_image src=\u00bbhttps:\/\/aragonnatural.lenguasdearagon.org\/wp-content\/uploads\/2020\/03\/581T9489.jpg\u00bb show_in_lightbox=\u00bbon\u00bb _builder_version=\u00bb4.4.9&#8243;][\/et_pb_image][\/et_pb_column][\/et_pb_section][et_pb_section fb_built=\u00bb1&#8243; _builder_version=\u00bb4.3.4&#8243; background_color=\u00bb#685e57&#8243;][et_pb_row _builder_version=\u00bb4.3.4&#8243; background_color=\u00bb#685e57&#8243;][et_pb_column type=\u00bb4_4&#8243; _builder_version=\u00bb4.3.4&#8243;][et_pb_tabs _builder_version=\u00bb4.4.9&#8243; background_color=\u00bb#685e57&#8243;][et_pb_tab title=\u00bbFamilia\u00bb _builder_version=\u00bb4.4.9&#8243; background_color=\u00bb#685e57&#8243; background_enable_color=\u00bbon\u00bb]<\/p>\n<p><span style=\"color: #ffffff;\">Solo existen en el mundo otras dos especies dentro del g\u00e9nero: <em>Ramonda, R. nathaliae y R. serbica.<\/em> Ambas crecen en los Balcanes. En Europa hay, adem\u00e1s, otros dos g\u00e9neros cercanos que medran en roquedos de Grecia y Bulgaria (<em>Haberlea<\/em> y <em>Jancalea<\/em>). La familia a la que pertenece, las gesneric\u00e1ceas, es propia de \u00e1reas tropicales y subtropicales, la m\u00e1s conocida, muy parecida a la <b>orella d&#8217;onso<\/b>, es la violeta africana (G\u00e9nero <em>Saintpaulia<\/em>), propia de Tanzania y sureste de Kenia, en el \u00c1frica tropical.<\/span><\/p>\n<p>[\/et_pb_tab][et_pb_tab title=\u00bbOrigen\u00bb _builder_version=\u00bb4.4.9&#8243; background_color=\u00bb#685e57&#8243; background_enable_color=\u00bbon\u00bb]<\/p>\n<p><span style=\"color: #ffffff;\">La <b>orella d&#8217;\u00f3s<\/b> es una planta superviviente de la flora que crec\u00eda en Europa durante el Cenozoico, cuyo comienzo coincidi\u00f3 con la desaparici\u00f3n de los dinosaurios, hace 65 millones de a\u00f1os. Originaria de clima tropical y subtropical, se ha sabido adaptar a las glaciaciones y fr\u00edos del Cuaternario, por lo que se considera una joya flor\u00edstica y un f\u00f3sil viviente.<\/span><\/p>\n<p>[\/et_pb_tab][et_pb_tab title=\u00bbDenominaci\u00f3n\u00bb _builder_version=\u00bb4.4.9&#8243; background_color=\u00bb#685e57&#8243; background_enable_color=\u00bbon\u00bb]<\/p>\n<p><span style=\"color: #ffffff;\">Los nombres comunes m\u00e1s conocidos hacen referencia a la forma y pelosidad de las hojas. Tanto el aragon\u00e9s como el catal\u00e1n son nombres originales, mientras que el castellano es una traducci\u00f3n de los anteriores. Otras denominaciones que se\u00f1alan la pelosidad son <b>yerba zerruda<\/b> y v<b>ioleta basta<\/b>. La forma de la flor da lugar a otras formas aragonesas, como v<b>ioleta<\/b> o<b> borraina<\/b>, esta \u00faltima por su parecido con la flor de la borraja.<\/span><\/p>\n<p>[\/et_pb_tab][et_pb_tab title=\u00bbUsos\u00bb _builder_version=\u00bb4.3.4&#8243; background_color=\u00bb#685e57&#8243; background_enable_color=\u00bbon\u00bb]<\/p>\n<p><span style=\"color: #ffffff;\">Se ha empleado en medicina popular para cortar hemorragias, ablandar callos y calmar zonas doloridas. En tiempos se recolect\u00f3 para vender a herborister\u00edas. Hoy en d\u00eda, al encontrarse protegida, se ha corregido esa situaci\u00f3n.<\/span><\/p>\n<p>[\/et_pb_tab][\/et_pb_tabs][\/et_pb_column][\/et_pb_row][\/et_pb_section][et_pb_section fb_built=\u00bb1&#8243; _builder_version=\u00bb4.3.4&#8243; background_color=\u00bb#685e57&#8243;][\/et_pb_section][et_pb_section fb_built=\u00bb1&#8243; _builder_version=\u00bb4.3.4&#8243; background_color=\u00bb#685e57&#8243;][et_pb_row column_structure=\u00bb1_4,1_2,1_4&#8243; _builder_version=\u00bb4.3.4&#8243;][et_pb_column type=\u00bb1_4&#8243; _builder_version=\u00bb4.4.9&#8243;][et_pb_image src=\u00bbhttps:\/\/aragonnatural.lenguasdearagon.org\/wp-content\/uploads\/2020\/03\/Violeta-africanaweb-1024&#215;683.jpg\u00bb alt=\u00bbVioleta africana\u00bb title_text=\u00bbVioleta africana\u00bb show_in_lightbox=\u00bbon\u00bb _builder_version=\u00bb4.4.9&#8243; animation_style=\u00bbzoom\u00bb][\/et_pb_image][\/et_pb_column][et_pb_column type=\u00bb1_2&#8243; _builder_version=\u00bb4.3.4&#8243;][et_pb_text _builder_version=\u00bb4.3.4&#8243;]<\/p>\n<h3><span style=\"color: #ffffff;\">OBSERVA<\/span><\/h3>\n<p><span style=\"color: #ffffff;\">Compara las fotos de la orella d&#8217;onso y la violeta africana. Busca diferencias, descubre hace cu\u00e1nto tiempo se han separado ambas especies (al menos desde el Cuaternario), piensa si alguna de las diferencias entre ambas especies se deben a adaptaciones de la <strong>oreja de oso<\/strong> a un clima m\u00e1s fr\u00edo.<\/span><\/p>\n<p><span style=\"color: #ffffff;\">Piensa porqu\u00e9 crece sobre piedras calizas y no, por ejemplo, sobre el granito; qu\u00e9 ventaja para la supervivencia de la planta tienen las primeras que son m\u00e1s dif\u00edciles de encontrar en las segundas.<\/span><\/p>\n<p>[\/et_pb_text][\/et_pb_column][et_pb_column type=\u00bb1_4&#8243; _builder_version=\u00bb4.3.4&#8243;][et_pb_image src=\u00bbhttps:\/\/aragonnatural.lenguasdearagon.org\/wp-content\/uploads\/2020\/03\/Ramonda-myconi-Montrebei-14web-1024&#215;683.jpg\u00bb alt=\u00bbOrella d\u2019onso\u00bb show_in_lightbox=\u00bbon\u00bb align=\u00bbcenter\u00bb admin_label=\u00bbOrella d&#8217;Onso\u00bb _builder_version=\u00bb4.4.9&#8243; background_color=\u00bbrgba(0,0,0,0)\u00bb width=\u00bb100%\u00bb min_height=\u00bb100px\u00bb animation_style=\u00bbzoom\u00bb border_color_top=\u00bbrgba(0,0,0,0)\u00bb][\/et_pb_image][\/et_pb_column][\/et_pb_row][et_pb_row _builder_version=\u00bb4.4.9&#8243;][et_pb_column type=\u00bb4_4&#8243; _builder_version=\u00bb4.4.9&#8243;][et_pb_divider color=\u00bb#ffffff\u00bb divider_position=\u00bbcenter\u00bb divider_weight=\u00bb1px\u00bb _builder_version=\u00bb4.4.9&#8243;][\/et_pb_divider][\/et_pb_column][\/et_pb_row][et_pb_row column_structure=\u00bb1_2,1_2&#8243; _builder_version=\u00bb4.4.9&#8243;][et_pb_column type=\u00bb1_2&#8243; _builder_version=\u00bb4.4.9&#8243;][et_pb_image src=\u00bbhttps:\/\/aragonnatural.lenguasdearagon.org\/wp-content\/uploads\/2020\/07\/APN-y-voluntaria-RESECOM-Galanthus-nivalis-scaled.jpg\u00bb alt=\u00bbVoluntaria del programa y Agente para la Protecci\u00f3n de la Naturaleza realizando una monitorizaci\u00f3n de Galanthus nivalis\u00bb show_in_lightbox=\u00bbon\u00bb _builder_version=\u00bb4.4.9&#8243;][\/et_pb_image][\/et_pb_column][et_pb_column type=\u00bb1_2&#8243; _builder_version=\u00bb4.4.9&#8243;][et_pb_text _builder_version=\u00bb4.4.9&#8243;]<\/p>\n<h3><span style=\"color: #ffffff;\">Flora protegida y seguimiento de especies<\/span><\/h3>\n<p><span style=\"color: #ffffff;\">\u00a0El proyecto RESECOM, del Gobierno de Arag\u00f3n y el Instituto Pirenaico de Ecolog\u00eda, lleva a cabo una monitorizaci\u00f3n de plantas y h\u00e1bitats de inter\u00e9s comunitario en Arag\u00f3n. Participan t\u00e9cnicos de ambas instituciones, investigadores, Agentes para la Protecci\u00f3n de la Naturaleza y numerosos ciudadanos voluntarios, lo que hace de \u00e9l un proyecto innovador. En la foto,\u00a0voluntaria del programa y Agente para la Protecci\u00f3n de la Naturaleza realizando una monitorizaci\u00f3n de <i>Galanthus nivalis<\/i><\/span><\/p>\n<p>[\/et_pb_text][et_pb_button button_url=\u00bbhttp:\/\/www.liferesecom.ipe.csic.es\/index2.php?lang=es\u00bb url_new_window=\u00bbon\u00bb button_text=\u00bbWeb RESECOM\u00bb _builder_version=\u00bb4.4.9&#8243; button_icon=\u00bb%%107%%\u00bb button_icon_placement=\u00bbleft\u00bb custom_padding=\u00bb|43px||||\u00bb hover_enabled=\u00bb0&#8243;][\/et_pb_button][et_pb_button button_url=\u00bbhttps:\/\/biodiversidadipe.csic.es\/ciencia_ciudadana.html\u00bb url_new_window=\u00bbon\u00bb button_text=\u00bbWeb Biodiversidad IPE\u00bb _builder_version=\u00bb4.4.9&#8243; button_icon=\u00bb%%107%%\u00bb button_icon_placement=\u00bbleft\u00bb custom_padding=\u00bb|43px||||\u00bb hover_enabled=\u00bb0&#8243;][\/et_pb_button][\/et_pb_column][\/et_pb_row][\/et_pb_section]<\/p>\n","protected":false},"excerpt":{"rendered":"<p>Ramonda myconi (L.) Rchb. ARAGON\u00c9S \u00a0 \u00a0 \u00a0 \u00a0 \u00a0 \u00a0 \u00a0 \u00a0 \u00a0 \u00a0 \u00a0 \u00a0Orella d&#8217;onso CASTELLANO \u00a0 \u00a0 \u00a0 \u00a0 \u00a0 \u00a0 \u00a0 \u00a0 \u00a0 \u00a0 Oreja de oso CATAL\u00c1N DE ARAG\u00d3N \u00a0 \u00a0 Orella d&#8217;\u00f3s La orella d&#8217;onso es una peque\u00f1a planta que crece pegada a las rocas, en grietas y [&hellip;]<\/p>\n","protected":false},"author":4,"featured_media":719,"comment_status":"open","ping_status":"closed","template":"","meta":{"_et_pb_use_builder":"on","_et_pb_old_content":"","_et_gb_content_width":"","footnotes":""},"project_category":[4],"project_tag":[],"class_list":["post-813","project","type-project","status-publish","has-post-thumbnail","hentry","project_category-flora"],"_links":{"self":[{"href":"https:\/\/aragonnatural.lenguasdearagon.org\/index.php\/wp-json\/wp\/v2\/project\/813","targetHints":{"allow":["GET"]}}],"collection":[{"href":"https:\/\/aragonnatural.lenguasdearagon.org\/index.php\/wp-json\/wp\/v2\/project"}],"about":[{"href":"https:\/\/aragonnatural.lenguasdearagon.org\/index.php\/wp-json\/wp\/v2\/types\/project"}],"author":[{"embeddable":true,"href":"https:\/\/aragonnatural.lenguasdearagon.org\/index.php\/wp-json\/wp\/v2\/users\/4"}],"replies":[{"embeddable":true,"href":"https:\/\/aragonnatural.lenguasdearagon.org\/index.php\/wp-json\/wp\/v2\/comments?post=813"}],"version-history":[{"count":33,"href":"https:\/\/aragonnatural.lenguasdearagon.org\/index.php\/wp-json\/wp\/v2\/project\/813\/revisions"}],"predecessor-version":[{"id":2400,"href":"https:\/\/aragonnatural.lenguasdearagon.org\/index.php\/wp-json\/wp\/v2\/project\/813\/revisions\/2400"}],"wp:featuredmedia":[{"embeddable":true,"href":"https:\/\/aragonnatural.lenguasdearagon.org\/index.php\/wp-json\/wp\/v2\/media\/719"}],"wp:attachment":[{"href":"https:\/\/aragonnatural.lenguasdearagon.org\/index.php\/wp-json\/wp\/v2\/media?parent=813"}],"wp:term":[{"taxonomy":"project_category","embeddable":true,"href":"https:\/\/aragonnatural.lenguasdearagon.org\/index.php\/wp-json\/wp\/v2\/project_category?post=813"},{"taxonomy":"project_tag","embeddable":true,"href":"https:\/\/aragonnatural.lenguasdearagon.org\/index.php\/wp-json\/wp\/v2\/project_tag?post=813"}],"curies":[{"name":"wp","href":"https:\/\/api.w.org\/{rel}","templated":true}]}}