{"id":821,"date":"2020-03-11T11:44:14","date_gmt":"2020-03-11T11:44:14","guid":{"rendered":"http:\/\/aragonnatural.lenguasdearagon.org\/?post_type=project&#038;p=821"},"modified":"2020-07-20T13:28:14","modified_gmt":"2020-07-20T13:28:14","slug":"rana-pyrenaica","status":"publish","type":"project","link":"https:\/\/aragonnatural.lenguasdearagon.org\/index.php\/project\/rana-pyrenaica\/","title":{"rendered":"Rana pyrenaica"},"content":{"rendered":"<p>[et_pb_section fb_built=\u00bb1&#8243; fullwidth=\u00bbon\u00bb _builder_version=\u00bb4.3.4&#8243; use_background_color_gradient=\u00bbon\u00bb background_image=\u00bbhttps:\/\/aragonnatural.lenguasdearagon.org\/wp-content\/uploads\/2020\/03\/Portada_Rana-pyrenaica-adulto-y-cullaretas.jpeg\u00bb parallax=\u00bbon\u00bb custom_padding=\u00bb||347px|||\u00bb][\/et_pb_section][et_pb_section fb_built=\u00bb1&#8243; _builder_version=\u00bb4.3.4&#8243; background_color=\u00bb#685e57&#8243;][et_pb_row column_structure=\u00bb1_2,1_2&#8243; _builder_version=\u00bb4.4.9&#8243;][et_pb_column type=\u00bb1_2&#8243; _builder_version=\u00bb4.3.4&#8243;][et_pb_text _builder_version=\u00bb4.4.9&#8243; hover_enabled=\u00bb0&#8243;]<\/p>\n<div class=\"et_pb_module et_pb_text et_pb_text_0  et_pb_text_align_left et_pb_bg_layout_light\">\n<div class=\"et_pb_text_inner\">\n<h3><span style=\"color: #ffffff;\"><em><span lang=\"ES\">Rana pyrenaica<\/span><\/em> Serra-Cobo<\/span><\/h3>\n<p><span style=\"color: #ffffff;\">ARAGON\u00c9S \u00a0 \u00a0 \u00a0 \u00a0 \u00a0 \u00a0 \u00a0 \u00a0 \u00a0 \u00a0 \u00a0Rana pirinenca<\/span><br \/> <span style=\"color: #ffffff;\"> CASTELLANO \u00a0 \u00a0 \u00a0 \u00a0 \u00a0 \u00a0 \u00a0 \u00a0 \u00a0 Rana pirenaica<\/span><br \/> <span style=\"color: #ffffff;\"> CATAL\u00c1N DE ARAG\u00d3N \u00a0 Granota pirinenca<\/span><\/p>\n<\/div>\n<\/div>\n<p>[\/et_pb_text][\/et_pb_column][et_pb_column type=\u00bb1_2&#8243; _builder_version=\u00bb4.3.4&#8243;][et_pb_text _builder_version=\u00bb4.3.4&#8243;]<\/p>\n<p><span style=\"color: #ffffff;\">Peque\u00f1a <strong>rana<\/strong> parda descubierta para la ciencia en el a\u00f1o 1993 en el valle de Buxarg\u00fcelo, junto al Parque Nacional de Ordesa y Monte Perdido. Mide entre 35 y 55 mm. Es de color pardo, similar a la <strong>rana bermeja<\/strong> (<strong>rana roya<\/strong>, <em>Rana temporaria<\/em>) con la que comparte \u00e1rea de distribuci\u00f3n, aunque normalmente viven en lugares diferentes. Se trata de una rana torrent\u00edcola, que vive en peque\u00f1os barrancos de monta\u00f1a con aguas fr\u00edas, oxigenadas y b\u00e1sicas, propias de monta\u00f1as calizas. Por ello no se encuentra en monta\u00f1as sil\u00edceas como las de granito.\u00a0Los torrentes de monta\u00f1a que ocupa est\u00e1n expuestos a aludes, desprendimientos de piedras y avenidas, ambientes para los que est\u00e1 bien preparada. En esto se diferencia de la <strong>rana roya<\/strong> que prefiere aguas m\u00e1s quietas, balsas e incluso charcos temporales de monta\u00f1a. Vive entre los 800 y los 2100 m. de altitud.<\/span><\/p>\n<p>[\/et_pb_text][\/et_pb_column][\/et_pb_row][\/et_pb_section][et_pb_section fb_built=\u00bb1&#8243; specialty=\u00bbon\u00bb _builder_version=\u00bb4.3.4&#8243; background_color=\u00bb#685e57&#8243;][et_pb_column type=\u00bb1_2&#8243; specialty_columns=\u00bb2&#8243; _builder_version=\u00bb3.25&#8243; custom_padding=\u00bb|||\u00bb custom_padding__hover=\u00bb|||\u00bb][et_pb_row_inner column_structure=\u00bb1_2,1_2&#8243; _builder_version=\u00bb4.3.4&#8243;][et_pb_column_inner type=\u00bb1_2&#8243; saved_specialty_column_type=\u00bb1_2&#8243; _builder_version=\u00bb4.3.4&#8243;][et_pb_image src=\u00bbhttps:\/\/aragonnatural.lenguasdearagon.org\/wp-content\/uploads\/2020\/03\/mapa-bichos-Rana.png\u00bb show_in_lightbox=\u00bbon\u00bb _builder_version=\u00bb4.3.4&#8243;][\/et_pb_image][et_pb_image src=\u00bbhttps:\/\/aragonnatural.lenguasdearagon.org\/wp-content\/uploads\/2020\/03\/mapamunid_mudo_Rana.png\u00bb show_in_lightbox=\u00bbon\u00bb _builder_version=\u00bb4.3.4&#8243;][\/et_pb_image][\/et_pb_column_inner][et_pb_column_inner type=\u00bb1_2&#8243; saved_specialty_column_type=\u00bb1_2&#8243; _builder_version=\u00bb4.3.4&#8243;][et_pb_text _builder_version=\u00bb4.3.4&#8243;]<\/p>\n<p><span style=\"color: #ffffff;\">Su \u00e1rea de distribuci\u00f3n se divide en dos poblaciones, una en el Pirineo navarro oriental y otra, m\u00e1s numerosa, en el Pirineo aragon\u00e9s, desde el Parque Nacional de Ordesa y Monte Perdido hasta Navarra, en monta\u00f1as calizas y, excepcionalmente, metam\u00f3rficas. No obstante, falta en algunos valles como los de Echo, A\u00edsa y Borau.<\/span><\/p>\n<p>[\/et_pb_text][\/et_pb_column_inner][\/et_pb_row_inner][\/et_pb_column][et_pb_column type=\u00bb1_2&#8243; _builder_version=\u00bb3.25&#8243; custom_padding=\u00bb|||\u00bb custom_padding__hover=\u00bb|||\u00bb][et_pb_image src=\u00bbhttps:\/\/aragonnatural.lenguasdearagon.org\/wp-content\/uploads\/2020\/03\/Rana-pyrenaica-Yosa-14web.jpg\u00bb _builder_version=\u00bb4.3.4&#8243;][\/et_pb_image][\/et_pb_column][\/et_pb_section][et_pb_section fb_built=\u00bb1&#8243; _builder_version=\u00bb4.3.4&#8243; background_color=\u00bb#685e57&#8243;][et_pb_row _builder_version=\u00bb4.3.4&#8243; background_color=\u00bb#685e57&#8243;][et_pb_column type=\u00bb4_4&#8243; _builder_version=\u00bb4.3.4&#8243;][et_pb_tabs _builder_version=\u00bb4.4.9&#8243; background_color=\u00bb#685e57&#8243; hover_enabled=\u00bb0&#8243;][et_pb_tab title=\u00bbReproducci\u00f3n\u00bb _builder_version=\u00bb4.3.4&#8243; background_color=\u00bb#685e57&#8243; background_enable_color=\u00bbon\u00bb]<\/p>\n<p><span style=\"color: #ffffff;\">En febrero comienza su ciclo reproductivo, poniendo bolsas de huevos, huevos grandes para su tama\u00f1o, pegadas a las piedras del cauce de los barrancos. Con la primavera van naciendo los renacuajos \u2013 <strong>cullaretas<\/strong>, en aragon\u00e9s -, que a lo largo del verano se metamorfosear\u00e1n en peque\u00f1as ranas, <strong>ranuecos<\/strong>. Su estrategia de supervivencia en un medio tan duro se basa en puestas no muy numerosas (100-150 huevos, aproximadamente), de huevos grandes, con reservas, que producen <em>cullaretas<\/em> robustas (negras con puntos dorados) que, a su vez, permiten la supervivencia de un elevado porcentaje de <em>ranuecos<\/em>. Viven 4 \u00f3 5 a\u00f1os.<\/span><\/p>\n<p>[\/et_pb_tab][et_pb_tab title=\u00bbVecinos\u00bb _builder_version=\u00bb4.4.9&#8243; background_color=\u00bb#685e57&#8243; background_enable_color=\u00bbon\u00bb hover_enabled=\u00bb0&#8243;]<\/p>\n<p><span style=\"color: #ffffff;\">Convive con el <b>guardafuens<\/b> (<i>Calotriton asper<\/i>, trit\u00f3n pirenaico), especie tambi\u00e9n end\u00e9mica del Pirineo, aunque de distribuci\u00f3n mucho m\u00e1s amplia, con el <b>sapo partero<\/b>, el <b>trit\u00f3n palmeado<\/b>, la <b>salamandra<\/b> y el <b>sapo com\u00fan<\/b> (<b>zapo<\/b>,<b> sap<\/b>). Tambi\u00e9n con la <b>trucha <\/b>(<strong>truita<\/strong>), que es su principal predador, a tal punto que donde suben las truchas no suele haber ranas pirenaicas. Otro predador que, con el cambio clim\u00e1tico va alcanzando cada vez m\u00e1s altitud, es la <b>culebra viperina<\/b> o <b>culebra d&#8217;augua<\/b> (<i>Natrix maura<\/i>).<\/span><\/p>\n<p>[\/et_pb_tab][et_pb_tab title=\u00bbSeguimiento\u00bb _builder_version=\u00bb4.3.4&#8243; background_color=\u00bb#685e57&#8243; background_enable_color=\u00bbon\u00bb]<\/p>\n<p><span style=\"color: #ffffff;\">Cada a\u00f1o el Departamento de Medio Ambiente realiza el seguimiento de las poblaciones aragonesas. Los Agentes para la Protecci\u00f3n de la Naturaleza del Gobierno de Arag\u00f3n prospectan los barrancos y torrentes donde vive la <strong>rana pirinenca\u00a0<\/strong>contabilizando puestas, larvas y adultos. Con ese enorme caudal de datos se elaboran las estrategias para una protecci\u00f3n efectiva de la especie. Entre los trabajos de seguimiento tambi\u00e9n est\u00e1 la introducci\u00f3n de un min\u00fasculo chip bajo la piel de algunos ejemplares; con su captura y recaptura se descubren importantes datos sobre su biolog\u00eda.<\/span><\/p>\n<p>[\/et_pb_tab][et_pb_tab title=\u00bbProtecci\u00f3n\u00bb _builder_version=\u00bb4.3.4&#8243; background_color=\u00bb#685e57&#8243; background_enable_color=\u00bbon\u00bb]<\/p>\n<p><span style=\"color: #ffffff;\">La <strong>granota pirinenca<\/strong> ha pasado desapercibida para la ciencia hasta 1993 y, por tanto, tambi\u00e9n para la cultura popular. Sin embargo, desde tiempos inmemoriales ha habido un consumo importante de las ranas royas (<em>Rana temporaria<\/em>), vecinas de las pirenaicas; esta extracci\u00f3n selectiva de una especie con la que puede llegar a competir por el espacio tal vez haya facilitado la vida a la peque\u00f1a rana end\u00e9mica. Esta <strong>depredaci\u00f3n <\/strong>humana selectiva se debe al diferente comportamiento de ambas especies: la rana roya se concentra en gran n\u00famero junto a charcas y humedales de alta monta\u00f1a, mientras la pirenaica vive m\u00e1s dispersa, lo que unido a su tama\u00f1o provoca que su explotaci\u00f3n no sea interesante. No obstante, la rana roya tambi\u00e9n est\u00e1 protegida legalmente.<\/span><\/p>\n<p>[\/et_pb_tab][\/et_pb_tabs][\/et_pb_column][\/et_pb_row][\/et_pb_section][et_pb_section fb_built=\u00bb1&#8243; _builder_version=\u00bb4.3.4&#8243; background_color=\u00bb#685e57&#8243;][et_pb_row column_structure=\u00bb1_3,2_3&#8243; _builder_version=\u00bb4.3.4&#8243;][et_pb_column type=\u00bb1_3&#8243; _builder_version=\u00bb4.3.4&#8243;][et_pb_button button_url=\u00bbhttp:\/\/www.aranzadi.eus\/fileadmin\/docs\/Rana_pyrenaica\/Rana_pyrenaica_esp.pdf\u00bb button_text=\u00bbLibro: \u201cRana pyirenaica: una reliquia del Pirineo%22&#8243; button_alignment=\u00bbcenter\u00bb _builder_version=\u00bb4.4.9&#8243; custom_button=\u00bbon\u00bb button_icon=\u00bb%%72%%\u00bb button_icon_color=\u00bb#000000&#8243; button_icon_placement=\u00bbleft\u00bb button_on_hover=\u00bboff\u00bb custom_padding=\u00bb|||41px|false|false\u00bb hover_enabled=\u00bb0&#8243; url_new_window=\u00bbon\u00bb][\/et_pb_button][et_pb_button button_url=\u00bbhttp:\/\/www.aranzadi.eus\/fileadmin\/docs\/Rana_pyrenaica\/Rana_pyrenaica_fra.pdf\u00bb button_text=\u00bbLibro: \u201cRana pyrenaica: une relique des Pyr\u00e9n\u00e9es%22&#8243; button_alignment=\u00bbcenter\u00bb _builder_version=\u00bb4.4.9&#8243; custom_button=\u00bbon\u00bb button_icon=\u00bb%%72%%\u00bb button_icon_color=\u00bb#000000&#8243; button_icon_placement=\u00bbleft\u00bb button_on_hover=\u00bboff\u00bb custom_padding=\u00bb|||41px|false|false\u00bb hover_enabled=\u00bb0&#8243; url_new_window=\u00bbon\u00bb][\/et_pb_button][et_pb_button button_url=\u00bbhttps:\/\/youtu.be\/rKpqokA-bhk\u00bb button_text=\u00bbVideo: %22rana pyrenaica%22&#8243; button_alignment=\u00bbcenter\u00bb _builder_version=\u00bb4.4.9&#8243; custom_button=\u00bbon\u00bb button_icon=\u00bb%%129%%\u00bb button_icon_color=\u00bb#000000&#8243; button_icon_placement=\u00bbleft\u00bb button_on_hover=\u00bboff\u00bb custom_padding=\u00bb|||41px|false|false\u00bb hover_enabled=\u00bb0&#8243; url_new_window=\u00bbon\u00bb][\/et_pb_button][et_pb_button button_url=\u00bbhttps:\/\/www.miteco.gob.es\/es\/biodiversidad\/temas\/inventarios-nacionales\/anfibios_28_tcm30-98903.pdf\u00bb button_text=\u00bbInfo rana pirinaica\u00bb button_alignment=\u00bbcenter\u00bb _builder_version=\u00bb4.4.9&#8243; custom_button=\u00bbon\u00bb button_icon=\u00bb%%72%%\u00bb button_icon_color=\u00bb#000000&#8243; button_icon_placement=\u00bbleft\u00bb button_on_hover=\u00bboff\u00bb custom_padding=\u00bb|||41px|false|false\u00bb hover_enabled=\u00bb0&#8243; url_new_window=\u00bbon\u00bb][\/et_pb_button][et_pb_button button_url=\u00bbhttps:\/\/www.aragon.es\/documents\/20127\/674325\/05-RANA.pdf\/df91a6ce-9407-9f25-329a-c1166fc8d8f2&#8243; button_text=\u00bbCat\u00e1logo especies amenazadas de Arag\u00f3n\u00bb button_alignment=\u00bbcenter\u00bb _builder_version=\u00bb4.4.9&#8243; custom_button=\u00bbon\u00bb button_icon=\u00bb%%72%%\u00bb button_icon_color=\u00bb#000000&#8243; button_icon_placement=\u00bbleft\u00bb button_on_hover=\u00bboff\u00bb custom_padding=\u00bb|||41px|false|false\u00bb hover_enabled=\u00bb0&#8243; url_new_window=\u00bbon\u00bb][\/et_pb_button][\/et_pb_column][et_pb_column type=\u00bb2_3&#8243; _builder_version=\u00bb4.3.4&#8243;][et_pb_gallery gallery_ids=\u00bb727,726,725,724,723,722,721,720,603&#8243; fullwidth=\u00bbon\u00bb hover_icon=\u00bb%%180%%\u00bb admin_label=\u00bbGaler\u00eda de im\u00e1genes\u00bb _builder_version=\u00bb4.4.9&#8243; background_layout=\u00bbdark\u00bb link_option_url_new_window=\u00bbon\u00bb][\/et_pb_gallery][\/et_pb_column][\/et_pb_row][\/et_pb_section][et_pb_section fb_built=\u00bb1&#8243; _builder_version=\u00bb4.3.4&#8243; background_color=\u00bb#685e57&#8243;][et_pb_row _builder_version=\u00bb4.3.4&#8243;][et_pb_column type=\u00bb4_4&#8243; _builder_version=\u00bb4.3.4&#8243;][et_pb_text _builder_version=\u00bb4.3.4&#8243;]<\/p>\n<h3><span style=\"color: #ffffff;\">Las mayores amenazas para la supervivencia de esta joya faun\u00edstica son:<\/span><\/h3>\n<p style=\"padding-left: 60px;\"><span style=\"color: #ffffff;\">\u00a0&#8211; La quitriomicosis, infecci\u00f3n debida a un hongo microsc\u00f3pico propia de los anfibios que est\u00e1 amenazando a muchas especies de este grupo en todo el mundo. El vector de transmisi\u00f3n de esta enfermedad son las actividades humanas, en el caso de la <strong>rana pirenaica<\/strong>, el transporte del hongo en los neoprenos y equipos de deportistas y turistas que ejercen el barranquismo. Se remediar\u00eda desinfectando los equipos antes y despu\u00e9s de introducirse en los barrancos.<\/span><\/p>\n<p style=\"padding-left: 60px;\"><span style=\"color: #ffffff;\">\u00a0&#8211; Las sequ\u00edas. Los torrentes de monta\u00f1a son muy sensibles a las sequ\u00edas, cada m\u00e1s m\u00e1s comunes con el descenso de las precipitaciones.<\/span><\/p>\n<p style=\"padding-left: 60px;\"><span style=\"color: #ffffff;\">\u00a0&#8211; La radiaci\u00f3n ultravioleta debida a la reducci\u00f3n de la capa de ozono, que est\u00e1 afectando severamente a los anfibios de monta\u00f1a, pues la incidencia de estos rayos es m\u00e1s notable conforme subimos en altitud.<\/span><\/p>\n<p style=\"padding-left: 60px;\"><span style=\"color: #ffffff;\">\u00a0&#8211; La destrucci\u00f3n de h\u00e1bitat. Apertura de pistas, obras, vertidos, contaminaci\u00f3n, etc., debidas a la acci\u00f3n humana. Tambi\u00e9n el pisoteo de los cauces donde se guardan las puestas a finales de invierno y primavera por la pr\u00e1ctica del barranquismo.<\/span><\/p>\n<p><span style=\"color: #ffffff;\">\u00a0Debido a estas amenazas y a la reducida extensi\u00f3n de su distribuci\u00f3n, la <strong>rana pirinenca<\/strong> est\u00e1 protegida por las leyes a diferentes niveles administrativos, tanto en Arag\u00f3n como en Navarra. Asimismo, por ejemplo, la Uni\u00f3n Internacional para la Conservaci\u00f3n de la Naturaleza (UICN) la clasifica como especie \u00aben peligro\u00bb por su presencia en un \u00e1rea menor de 5.000 km2, donde habita de manera fragmentada y por el declive continuo de sus efectivos. Una peque\u00f1a poblaci\u00f3n ocupa una parte del r\u00edo Iraty franc\u00e9s, por lo que Francia tambi\u00e9n la cataloga como especie en peligro.<\/span><\/p>\n<p>[\/et_pb_text][\/et_pb_column][\/et_pb_row][\/et_pb_section]<\/p>\n","protected":false},"excerpt":{"rendered":"<p>Rana pyrenaica Serra-Cobo ARAGON\u00c9S \u00a0 \u00a0 \u00a0 \u00a0 \u00a0 \u00a0 \u00a0 \u00a0 \u00a0 \u00a0 \u00a0Rana pirinenca CASTELLANO \u00a0 \u00a0 \u00a0 \u00a0 \u00a0 \u00a0 \u00a0 \u00a0 \u00a0 Rana pirenaica CATAL\u00c1N DE ARAG\u00d3N \u00a0 Granota pirinenca Peque\u00f1a rana parda descubierta para la ciencia en el a\u00f1o 1993 en el valle de Buxarg\u00fcelo, junto al Parque Nacional de [&hellip;]<\/p>\n","protected":false},"author":4,"featured_media":722,"comment_status":"open","ping_status":"closed","template":"","meta":{"_et_pb_use_builder":"on","_et_pb_old_content":"","_et_gb_content_width":"","footnotes":""},"project_category":[3],"project_tag":[],"class_list":["post-821","project","type-project","status-publish","has-post-thumbnail","hentry","project_category-anfibios"],"_links":{"self":[{"href":"https:\/\/aragonnatural.lenguasdearagon.org\/index.php\/wp-json\/wp\/v2\/project\/821","targetHints":{"allow":["GET"]}}],"collection":[{"href":"https:\/\/aragonnatural.lenguasdearagon.org\/index.php\/wp-json\/wp\/v2\/project"}],"about":[{"href":"https:\/\/aragonnatural.lenguasdearagon.org\/index.php\/wp-json\/wp\/v2\/types\/project"}],"author":[{"embeddable":true,"href":"https:\/\/aragonnatural.lenguasdearagon.org\/index.php\/wp-json\/wp\/v2\/users\/4"}],"replies":[{"embeddable":true,"href":"https:\/\/aragonnatural.lenguasdearagon.org\/index.php\/wp-json\/wp\/v2\/comments?post=821"}],"version-history":[{"count":12,"href":"https:\/\/aragonnatural.lenguasdearagon.org\/index.php\/wp-json\/wp\/v2\/project\/821\/revisions"}],"predecessor-version":[{"id":2391,"href":"https:\/\/aragonnatural.lenguasdearagon.org\/index.php\/wp-json\/wp\/v2\/project\/821\/revisions\/2391"}],"wp:featuredmedia":[{"embeddable":true,"href":"https:\/\/aragonnatural.lenguasdearagon.org\/index.php\/wp-json\/wp\/v2\/media\/722"}],"wp:attachment":[{"href":"https:\/\/aragonnatural.lenguasdearagon.org\/index.php\/wp-json\/wp\/v2\/media?parent=821"}],"wp:term":[{"taxonomy":"project_category","embeddable":true,"href":"https:\/\/aragonnatural.lenguasdearagon.org\/index.php\/wp-json\/wp\/v2\/project_category?post=821"},{"taxonomy":"project_tag","embeddable":true,"href":"https:\/\/aragonnatural.lenguasdearagon.org\/index.php\/wp-json\/wp\/v2\/project_tag?post=821"}],"curies":[{"name":"wp","href":"https:\/\/api.w.org\/{rel}","templated":true}]}}