{"id":827,"date":"2020-03-11T11:45:02","date_gmt":"2020-03-11T11:45:02","guid":{"rendered":"http:\/\/aragonnatural.lenguasdearagon.org\/?post_type=project&#038;p=827"},"modified":"2020-07-17T16:59:04","modified_gmt":"2020-07-17T16:59:04","slug":"genetta-genetta","status":"publish","type":"project","link":"https:\/\/aragonnatural.lenguasdearagon.org\/index.php\/project\/genetta-genetta\/","title":{"rendered":"Genetta genetta"},"content":{"rendered":"<p>[et_pb_section fb_built=\u00bb1&#8243; fullwidth=\u00bbon\u00bb _builder_version=\u00bb4.3.4&#8243; use_background_color_gradient=\u00bbon\u00bb background_image=\u00bbhttps:\/\/aragonnatural.lenguasdearagon.org\/wp-content\/uploads\/2020\/03\/Genette_Argel\u00e8s-Gazost_parc_animalier_1-scaled.jpg\u00bb custom_padding=\u00bb||347px|||\u00bb link_option_url=\u00bbhttps:\/\/commons.wikimedia.org\/wiki\/File:Genette_Argel%C3%A8s-Gazost_parc_animalier_(1).JPG\u00bb][\/et_pb_section][et_pb_section fb_built=\u00bb1&#8243; _builder_version=\u00bb4.3.4&#8243; background_color=\u00bb#685e57&#8243;][et_pb_row column_structure=\u00bb1_2,1_2&#8243; _builder_version=\u00bb4.3.4&#8243;][et_pb_column type=\u00bb1_2&#8243; _builder_version=\u00bb4.3.4&#8243;][et_pb_text _builder_version=\u00bb4.3.4&#8243;]<\/p>\n<div class=\"et_pb_module et_pb_text et_pb_text_0  et_pb_text_align_left et_pb_bg_layout_light\">\n<div class=\"et_pb_text_inner\">\n<h3><span style=\"color: #ffffff;\"><i>Genetta genetta <\/i>L.<\/span><\/h3>\n<p><span style=\"color: #ffffff;\">ARAGON\u00c9S \u00a0 \u00a0 \u00a0 \u00a0 \u00a0 \u00a0 \u00a0 \u00a0 \u00a0 \u00a0 \u00a0Chineta<\/span><br \/><span style=\"color: #ffffff;\"> CASTELLANO \u00a0 \u00a0 \u00a0 \u00a0 \u00a0 \u00a0 \u00a0 \u00a0 \u00a0 Gineta, jineta<\/span><br \/><span style=\"color: #ffffff;\"> CATAL\u00c1N DE ARAG\u00d3N \u00a0 Gineta<\/span><\/p>\n<\/div>\n<\/div>\n<p>[\/et_pb_text][\/et_pb_column][et_pb_column type=\u00bb1_2&#8243; _builder_version=\u00bb4.3.4&#8243;][et_pb_text _builder_version=\u00bb4.3.4&#8243;]<\/p>\n<p><span style=\"color: #ffffff;\">La <em><strong>chineta<\/strong><\/em> es un mam\u00edfero carn\u00edvoro de mediano tama\u00f1o que pesa sobre dos kilos. Tiene el cuerpo alargado, patas largas en comparaci\u00f3n con otros carn\u00edvoros similares, cabeza peque\u00f1a con orejas prominentes y larga cola, tanto como el resto del cuerpo. El color de su piel es entre pardo y gris con manchas oscuras, salvo la cola, anillada con franjas negras.<\/span><\/p>\n<p>[\/et_pb_text][\/et_pb_column][\/et_pb_row][\/et_pb_section][et_pb_section fb_built=\u00bb1&#8243; specialty=\u00bbon\u00bb _builder_version=\u00bb4.3.4&#8243; background_color=\u00bb#685e57&#8243;][et_pb_column type=\u00bb1_2&#8243; specialty_columns=\u00bb2&#8243; _builder_version=\u00bb3.25&#8243; custom_padding=\u00bb|||\u00bb custom_padding__hover=\u00bb|||\u00bb][et_pb_row_inner column_structure=\u00bb1_2,1_2&#8243; _builder_version=\u00bb4.3.4&#8243;][et_pb_column_inner type=\u00bb1_2&#8243; saved_specialty_column_type=\u00bb1_2&#8243; _builder_version=\u00bb4.3.4&#8243;][et_pb_image src=\u00bbhttps:\/\/aragonnatural.lenguasdearagon.org\/wp-content\/uploads\/2020\/03\/mapa-bichos-Chineta.png\u00bb show_in_lightbox=\u00bbon\u00bb _builder_version=\u00bb4.3.4&#8243;][\/et_pb_image][et_pb_image src=\u00bbhttps:\/\/aragonnatural.lenguasdearagon.org\/wp-content\/uploads\/2020\/04\/mapamunid_mudo_Chineta.png\u00bb show_in_lightbox=\u00bbon\u00bb _builder_version=\u00bb4.3.4&#8243;][\/et_pb_image][\/et_pb_column_inner][et_pb_column_inner type=\u00bb1_2&#8243; saved_specialty_column_type=\u00bb1_2&#8243; _builder_version=\u00bb4.3.4&#8243;][et_pb_text _builder_version=\u00bb4.3.4&#8243;]<\/p>\n<p><span style=\"color: #ffffff;\">Vive en todo tipo de h\u00e1bitats, aunque prefiere zonas templadas o c\u00e1lidas a baja altitud. No obstante, es capaz de subir hasta el piso montano superior del Pirineo. Necesita huecos donde esconderse, minerales o vegetales, si bien muestra preferencia por las zonas con ratones, topillos y otros roedores.<\/span><\/p>\n<p>[\/et_pb_text][\/et_pb_column_inner][\/et_pb_row_inner][\/et_pb_column][et_pb_column type=\u00bb1_2&#8243; _builder_version=\u00bb3.25&#8243; custom_padding=\u00bb|||\u00bb custom_padding__hover=\u00bb|||\u00bb][et_pb_image src=\u00bbhttps:\/\/aragonnatural.lenguasdearagon.org\/wp-content\/uploads\/2020\/04\/A_female_common_genet_in_the_dining_room_Satao_Camp.jpg\u00bb url=\u00bbhttps:\/\/commons.wikimedia.org\/wiki\/File:A_female_common_genet_in_the_dining_room,_Satao_Camp.jpg\u00bb _builder_version=\u00bb4.3.4&#8243;][\/et_pb_image][\/et_pb_column][\/et_pb_section][et_pb_section fb_built=\u00bb1&#8243; _builder_version=\u00bb4.3.4&#8243; background_color=\u00bb#685e57&#8243;][et_pb_row _builder_version=\u00bb4.3.4&#8243; background_color=\u00bb#685e57&#8243; custom_margin=\u00bb|708px||auto||\u00bb][et_pb_column type=\u00bb4_4&#8243; _builder_version=\u00bb4.3.4&#8243;][et_pb_tabs _builder_version=\u00bb4.3.4&#8243; background_color=\u00bb#685e57&#8243;][et_pb_tab title=\u00bbOrigen\u00bb _builder_version=\u00bb4.3.4&#8243; background_color=\u00bb#685e57&#8243; background_enable_color=\u00bbon\u00bb]<\/p>\n<p><span style=\"color: #ffffff;\">La <strong>gineta<\/strong> es el \u00fanico representante de la familia de los viv\u00e9rridos en la fauna europea. Esto es as\u00ed porque se considera un animal introducido en el continente. Su distribuci\u00f3n original se sit\u00faa en \u00c1frica y Arabia. Su presencia en Iberia se remonta a la Edad de Bronce, hace unos 4.000 a\u00f1os. Se han encontrado restos de la Edad de Bronce en el sur de Francia y, de hace 3.300 a\u00f1os, en Granada. Hace 2.000 a\u00f1os los romanos la empleaban para librar las casas de los ratones y por el almizcle que se extra\u00eda de unas gl\u00e1ndulas perianales. Se trata de un producto muy apreciado en perfumer\u00eda, pues, una vez refinado, pone en valor los dem\u00e1s componentes arom\u00e1ticos, al alargar sus propiedades. Se utilizaba ya hace 3.000 a\u00f1os. El rey Salom\u00f3n importaba este almizcle desde \u00c1frica Oriental a Pr\u00f3ximo Oriente. Durante la Edad Media y el Renacimiento su empleo se intensific\u00f3. El almizcle se extra\u00eda de diversos animales: el de <strong>gineta<\/strong> y de algunas especies similares se denomina algalia o civeta.<\/span><\/p>\n<p><span style=\"color: #ffffff;\"><em>Civeta<\/em> es el nombre de un grupo de animales de la misma familia que la <strong>chineta<\/strong>, los viv\u00e9rridos, que habitan \u00c1frica y Asia. Alguno de estos animales todav\u00eda se usa para extraer la algalia, como las civetas africana (<em>Viverra civetta<\/em>) e ind\u00fa (<em>Viverricula indica<\/em>). La palabra <em>civeta<\/em> viene del \u00e1rabe <em>zab\u0101d<\/em>, que designa justamente el almizcle.<\/span><\/p>\n<p>[\/et_pb_tab][et_pb_tab title=\u00bbIntroducci\u00f3n\u00bb _builder_version=\u00bb4.3.4&#8243; background_color=\u00bb#685e57&#8243; background_enable_color=\u00bbon\u00bb]<\/p>\n<p><span style=\"color: #ffffff;\">En todo caso, las <strong>chinetas<\/strong> que viven ahora en Europa provienen de las costas argelinas, del Magreb. Desde all\u00ed fueron tra\u00eddas por los musulmanes a partir del s. XII, en concreto, por los bereberes almohades. De un periodo anterior existe una leyenda que narra c\u00f3mo en la batalla de Poitiers (a\u00f1o 732) Carlos Martel encontr\u00f3, entre el bot\u00edn cobrado a los musulmanes, gran cantidad de pieles de <em>chineta<\/em>, hasta tal punto que se dice que cre\u00f3 la Orden de la Gineta. Leyendas aparte, se detectan introducciones de este animal en Portugal, Andaluc\u00eda, Catalu\u00f1a y Baleares, todas con un mismo origen magreb\u00ed y a lo largo de aquellos tiempos.<\/span><\/p>\n<p>[\/et_pb_tab][et_pb_tab title=\u00bbCaza ratones\u00bb _builder_version=\u00bb4.3.4&#8243; background_color=\u00bb#685e57&#8243; background_enable_color=\u00bbon\u00bb]<\/p>\n<p><span style=\"color: #ffffff;\">Empleada para acabar con los ratones en las casas, junto a la <em>fuina<\/em>, no tardaron mucho ambas especies en ser sustituidas por el gato. Qued\u00f3 el comercio de las pieles y del almizcle. As\u00ed, las pieles de <strong>chineta<\/strong> se atestiguan en los documentos aduaneros del Reino de Arag\u00f3n en la Edad Media. A lo largo de los siglos XV y XVI fue un animal de gran fama en Europa, tanto desde el punto de vista comercial como simb\u00f3lico. M\u00e1s tarde cay\u00f3 en el olvido. Para entonces la <strong>chineta<\/strong> ya se hab\u00eda asilvestrado y formaba parte de la fauna del continente.<\/span><\/p>\n<p>[\/et_pb_tab][et_pb_tab title=\u00bbDieta\u00bb _builder_version=\u00bb4.3.4&#8243; background_color=\u00bb#685e57&#8243; background_enable_color=\u00bbon\u00bb]<\/p>\n<p><span style=\"color: #ffffff;\">Son precisamente los ratones su dieta preferida, en concreto, los ratones de campo (<em>zorzes<\/em>, <em>Apodemus sylvaticus<\/em>), aunque come todo tipo de <em>ratilla<\/em> (ratones, topillos, etc.). Tambi\u00e9n puede predar sobre p\u00e1jaros e invertebrados, incluso conejos y liebres.<\/span><\/p>\n<p><span style=\"color: #ffffff;\"><img loading=\"lazy\" decoding=\"async\" src=\"https:\/\/aragonnatural.lenguasdearagon.org\/wp-content\/uploads\/2020\/04\/Zorz-o-rat\u00f3n-de-campo-presa-principal-de-la-chineta-1024x768.jpg\" width=\"1024\" height=\"768\" alt=\"\" class=\"wp-image-1256 aligncenter size-large\" srcset=\"https:\/\/aragonnatural.lenguasdearagon.org\/wp-content\/uploads\/2020\/04\/Zorz-o-rat\u00f3n-de-campo-presa-principal-de-la-chineta-1024x768.jpg 1024w, https:\/\/aragonnatural.lenguasdearagon.org\/wp-content\/uploads\/2020\/04\/Zorz-o-rat\u00f3n-de-campo-presa-principal-de-la-chineta-300x225.jpg 300w, https:\/\/aragonnatural.lenguasdearagon.org\/wp-content\/uploads\/2020\/04\/Zorz-o-rat\u00f3n-de-campo-presa-principal-de-la-chineta-768x576.jpg 768w, https:\/\/aragonnatural.lenguasdearagon.org\/wp-content\/uploads\/2020\/04\/Zorz-o-rat\u00f3n-de-campo-presa-principal-de-la-chineta-1536x1152.jpg 1536w, https:\/\/aragonnatural.lenguasdearagon.org\/wp-content\/uploads\/2020\/04\/Zorz-o-rat\u00f3n-de-campo-presa-principal-de-la-chineta-2048x1536.jpg 2048w, https:\/\/aragonnatural.lenguasdearagon.org\/wp-content\/uploads\/2020\/04\/Zorz-o-rat\u00f3n-de-campo-presa-principal-de-la-chineta-510x382.jpg 510w, https:\/\/aragonnatural.lenguasdearagon.org\/wp-content\/uploads\/2020\/04\/Zorz-o-rat\u00f3n-de-campo-presa-principal-de-la-chineta-1080x810.jpg 1080w, https:\/\/aragonnatural.lenguasdearagon.org\/wp-content\/uploads\/2020\/04\/Zorz-o-rat\u00f3n-de-campo-presa-principal-de-la-chineta-1280x960.jpg 1280w, https:\/\/aragonnatural.lenguasdearagon.org\/wp-content\/uploads\/2020\/04\/Zorz-o-rat\u00f3n-de-campo-presa-principal-de-la-chineta-980x735.jpg 980w, https:\/\/aragonnatural.lenguasdearagon.org\/wp-content\/uploads\/2020\/04\/Zorz-o-rat\u00f3n-de-campo-presa-principal-de-la-chineta-480x360.jpg 480w\" sizes=\"(max-width: 1024px) 100vw, 1024px\" \/><\/span><\/p>\n<p>[\/et_pb_tab][\/et_pb_tabs][\/et_pb_column][\/et_pb_row][\/et_pb_section][et_pb_section fb_built=\u00bb1&#8243; _builder_version=\u00bb4.3.4&#8243; background_color=\u00bb#685e57&#8243;][et_pb_row column_structure=\u00bb1_3,2_3&#8243; _builder_version=\u00bb4.3.4&#8243;][et_pb_column type=\u00bb1_3&#8243; _builder_version=\u00bb4.3.4&#8243;][et_pb_button button_url=\u00bbhttp:\/\/www.archive.org\/details\/faunaibricamam00cabr\u00bb url_new_window=\u00bbon\u00bb button_text=\u00bbLibro\u00bb button_alignment=\u00bbcenter\u00bb _builder_version=\u00bb4.4.9&#8243; custom_button=\u00bbon\u00bb button_icon=\u00bb%%72%%\u00bb button_icon_color=\u00bb#000000&#8243; button_icon_placement=\u00bbleft\u00bb button_on_hover=\u00bboff\u00bb custom_padding=\u00bb|||41px|false|false\u00bb][\/et_pb_button][et_pb_button button_url=\u00bbhttps:\/\/youtu.be\/9f54bMJTjeo\u00bb url_new_window=\u00bbon\u00bb button_text=\u00bbVideo\u00bb button_alignment=\u00bbcenter\u00bb _builder_version=\u00bb4.4.9&#8243; custom_button=\u00bbon\u00bb button_icon=\u00bb%%129%%\u00bb button_icon_color=\u00bb#000000&#8243; button_icon_placement=\u00bbleft\u00bb button_on_hover=\u00bboff\u00bb custom_padding=\u00bb|||41px|false|false\u00bb hover_enabled=\u00bb0&#8243;][\/et_pb_button][et_pb_button button_url=\u00bbhttps:\/\/an.wikipedia.org\/wiki\/Genetta_genetta\u00bb url_new_window=\u00bbon\u00bb button_text=\u00bbM\u00e1s Info\u00bb button_alignment=\u00bbcenter\u00bb _builder_version=\u00bb4.4.9&#8243; custom_button=\u00bbon\u00bb button_icon=\u00bb%%84%%\u00bb button_icon_color=\u00bb#000000&#8243; button_icon_placement=\u00bbleft\u00bb button_on_hover=\u00bboff\u00bb custom_padding=\u00bb|||41px|false|false\u00bb][\/et_pb_button][\/et_pb_column][et_pb_column type=\u00bb2_3&#8243; _builder_version=\u00bb4.3.4&#8243;][et_pb_gallery gallery_ids=\u00bb1247&#8243; fullwidth=\u00bbon\u00bb _builder_version=\u00bb4.3.4&#8243;][\/et_pb_gallery][\/et_pb_column][\/et_pb_row][\/et_pb_section][et_pb_section fb_built=\u00bb1&#8243; _builder_version=\u00bb4.3.4&#8243; background_color=\u00bb#685e57&#8243;][et_pb_row column_structure=\u00bb2_5,3_5&#8243; _builder_version=\u00bb4.3.4&#8243;][et_pb_column type=\u00bb2_5&#8243; _builder_version=\u00bb4.3.4&#8243;][et_pb_image src=\u00bbhttps:\/\/aragonnatural.lenguasdearagon.org\/wp-content\/uploads\/2020\/04\/The_animal_kingdom_arranged_according_to_its_organization_serving_as_a_foundation_for_the_natural_history_of_animals_Pl._29_6026151874-scaled.jpg\u00bb _builder_version=\u00bb4.3.4&#8243;][\/et_pb_image][\/et_pb_column][et_pb_column type=\u00bb3_5&#8243; _builder_version=\u00bb4.3.4&#8243;][et_pb_text _builder_version=\u00bb4.3.4&#8243;]<\/p>\n<h3><span style=\"color: #ffffff;\"><em>LIBRO DEL TRESORO<\/em><\/span><\/h3>\n<p><span style=\"color: #ffffff;\">Los nombres comunes derivan de la palabra \u00e1rabe <em>zab\u0101d<\/em> \u2018almizcle\u2019. En los libros medievales hab\u00eda, no obstante, cierta confusi\u00f3n entre la <strong>chineta<\/strong>, la civeta y la hiena. V\u00e9ase como ejemplo el cap\u00edtulo dedicado a la <strong>gineta<\/strong> en la versi\u00f3n aragonesa del <em>Libro del Tresoro<\/em>, una enciclopedia medieval del s. XIV:<\/span><\/p>\n<p style=\"padding-left: 60px;\"><span style=\"color: #ffffff;\"><em>Gineta yes una cosa que una vegada es masclo e otra vegada yes fenbra, e habita en los fosares de los muertos e come los cuerpos de los omnes. E los g\u00fcessos de la squina es asi fuert et ruda que ella no puet doblegarse. Faz la voz [como la de] los omnes e [as\u00ed enga\u00f1a sob\u00e9n los omnes et] el can [e los] come. E dizen los mas que en uno de sus oios ha una piedra de tal virtut que si alguno la abi\u00e9s dejus la lengua el por\u00eda devinar muytas cosas que son por venir. E ninguna bestia que ha tocado la sonbra de gineta no se puet mover del logar, e [por esto] dizen los antigos sabios que aquesta bestia es plena de encantament e de art magica. Et sabet que en Etiopia iaze aquesta bestia con la fenbra del leon e engendra una bestia que ha nonbre colcota, que entiende la voz de los omnes, e en su boca no ha pont de genibas ni de dientes as\u00ed como las otras bestias han, sino que todo es un dient todo entrego e anplo.<\/em><\/span><\/p>\n<p style=\"padding-left: 60px;\"><span style=\"color: #ffffff;\">\u00a0(De la gineta:\u00a0Gineta es una bestia que una vez es macho y otra vez es hembra, y habita en los cementerios de los muertos y come los cuerpos de los hombres. Y los huesos de la columna vertebral es tan fuerte y ruda que no puede doblarse. Hace la voz como la de los hombres y as\u00ed enga\u00f1a a menudo a los hombres y al perro y los come. Y dicen la mayor\u00eda que en uno de sus ojos tiene una piedra de tal virtud que, si alguno la tuviera bajo la lengua, podr\u00eda adivinar muchas cosas que son por venir. Y ninguna bestia que ha tocado la sombra de gineta se puede mover del sitio y por esto dicen los antiguos sabios que esta bestia est\u00e1 llena de encantamiento y de arte m\u00e1gica. Y sabed que en Etiop\u00eda yace esta bestia con la hembra del le\u00f3n y engendra una bestia que tiene por nombre colcota, que entiende la voz de los hombres, y en su boca no tiene ninguna enc\u00eda ni dientes como tienen las dem\u00e1s bestias, sino que todo es un diente, todo \u00edntegro y amplio.)<\/span><\/p>\n<p><span style=\"color: #ffffff;\">La referencia a los autores antiguos sobre el poder m\u00e1gico y de encantamiento de la <strong>gineta<\/strong> parece parte de la confusi\u00f3n con la hiena. Sin embargo, en el a\u00f1o 2003, en un pueblo gasc\u00f3n cercano a la frontera aragonesa, apareci\u00f3 una <strong>chineta <\/strong>atada y cosida dentro de una bolsa, para que sufriera una muerte lenta. Alguien la colg\u00f3 en la puerta del alcalde con la idea de que este sufriera similar suerte, seg\u00fan una vieja costumbre de <em>mal dau<\/em> o hechizo. La \u00fanica que padeci\u00f3, est\u00e1 claro, fue la <strong>gineta<\/strong>.<\/span><\/p>\n<p>[\/et_pb_text][\/et_pb_column][\/et_pb_row][\/et_pb_section]<\/p>\n","protected":false},"excerpt":{"rendered":"<p>Genetta genetta L. ARAGON\u00c9S \u00a0 \u00a0 \u00a0 \u00a0 \u00a0 \u00a0 \u00a0 \u00a0 \u00a0 \u00a0 \u00a0Chineta CASTELLANO \u00a0 \u00a0 \u00a0 \u00a0 \u00a0 \u00a0 \u00a0 \u00a0 \u00a0 Gineta, jineta CATAL\u00c1N DE ARAG\u00d3N \u00a0 Gineta La chineta es un mam\u00edfero carn\u00edvoro de mediano tama\u00f1o que pesa sobre dos kilos. Tiene el cuerpo alargado, patas largas en comparaci\u00f3n con [&hellip;]<\/p>\n","protected":false},"author":4,"featured_media":1247,"comment_status":"open","ping_status":"closed","template":"","meta":{"_et_pb_use_builder":"on","_et_pb_old_content":"","_et_gb_content_width":"","footnotes":""},"project_category":[5],"project_tag":[],"class_list":["post-827","project","type-project","status-publish","has-post-thumbnail","hentry","project_category-mamiferos"],"_links":{"self":[{"href":"https:\/\/aragonnatural.lenguasdearagon.org\/index.php\/wp-json\/wp\/v2\/project\/827","targetHints":{"allow":["GET"]}}],"collection":[{"href":"https:\/\/aragonnatural.lenguasdearagon.org\/index.php\/wp-json\/wp\/v2\/project"}],"about":[{"href":"https:\/\/aragonnatural.lenguasdearagon.org\/index.php\/wp-json\/wp\/v2\/types\/project"}],"author":[{"embeddable":true,"href":"https:\/\/aragonnatural.lenguasdearagon.org\/index.php\/wp-json\/wp\/v2\/users\/4"}],"replies":[{"embeddable":true,"href":"https:\/\/aragonnatural.lenguasdearagon.org\/index.php\/wp-json\/wp\/v2\/comments?post=827"}],"version-history":[{"count":12,"href":"https:\/\/aragonnatural.lenguasdearagon.org\/index.php\/wp-json\/wp\/v2\/project\/827\/revisions"}],"predecessor-version":[{"id":2313,"href":"https:\/\/aragonnatural.lenguasdearagon.org\/index.php\/wp-json\/wp\/v2\/project\/827\/revisions\/2313"}],"wp:featuredmedia":[{"embeddable":true,"href":"https:\/\/aragonnatural.lenguasdearagon.org\/index.php\/wp-json\/wp\/v2\/media\/1247"}],"wp:attachment":[{"href":"https:\/\/aragonnatural.lenguasdearagon.org\/index.php\/wp-json\/wp\/v2\/media?parent=827"}],"wp:term":[{"taxonomy":"project_category","embeddable":true,"href":"https:\/\/aragonnatural.lenguasdearagon.org\/index.php\/wp-json\/wp\/v2\/project_category?post=827"},{"taxonomy":"project_tag","embeddable":true,"href":"https:\/\/aragonnatural.lenguasdearagon.org\/index.php\/wp-json\/wp\/v2\/project_tag?post=827"}],"curies":[{"name":"wp","href":"https:\/\/api.w.org\/{rel}","templated":true}]}}