{"id":829,"date":"2020-03-11T11:45:17","date_gmt":"2020-03-11T11:45:17","guid":{"rendered":"http:\/\/aragonnatural.lenguasdearagon.org\/?post_type=project&#038;p=829"},"modified":"2020-07-17T16:56:45","modified_gmt":"2020-07-17T16:56:45","slug":"lutra-lutra","status":"publish","type":"project","link":"https:\/\/aragonnatural.lenguasdearagon.org\/index.php\/project\/lutra-lutra\/","title":{"rendered":"Lutra lutra"},"content":{"rendered":"<p>[et_pb_section fb_built=\u00bb1&#8243; fullwidth=\u00bbon\u00bb _builder_version=\u00bb4.4.7&#8243; use_background_color_gradient=\u00bbon\u00bb background_image=\u00bbhttps:\/\/aragonnatural.lenguasdearagon.org\/wp-content\/uploads\/2020\/05\/zoo-2652488_1920.jpg\u00bb parallax=\u00bbon\u00bb custom_padding=\u00bb||347px|||\u00bb][\/et_pb_section][et_pb_section fb_built=\u00bb1&#8243; _builder_version=\u00bb4.3.4&#8243; background_color=\u00bb#685e57&#8243;][et_pb_row column_structure=\u00bb1_2,1_2&#8243; _builder_version=\u00bb4.3.4&#8243;][et_pb_column type=\u00bb1_2&#8243; _builder_version=\u00bb4.3.4&#8243;][et_pb_text _builder_version=\u00bb4.4.7&#8243;]<\/p>\n<div class=\"et_pb_module et_pb_text et_pb_text_0  et_pb_text_align_left et_pb_bg_layout_light\">\n<div class=\"et_pb_text_inner\">\n<h3><span style=\"color: #ffffff;\"><i>Lutra lutra <\/i>L.<\/span><\/h3>\n<p><span style=\"color: #ffffff;\">ARAGON\u00c9S \u00a0 \u00a0 \u00a0 \u00a0 \u00a0 \u00a0 \u00a0 \u00a0 \u00a0 \u00a0 \u00a0\u00a0Loira, luria<\/span><br \/><span style=\"color: #ffffff;\"> CASTELLANO \u00a0 \u00a0 \u00a0 \u00a0 \u00a0 \u00a0 \u00a0 \u00a0 \u00a0 \u00a0Nutria<\/span><br \/><span style=\"color: #ffffff;\"> CATAL\u00c1N DE ARAG\u00d3N \u00a0 \u00a0Ll\u00fadriga<\/span><\/p>\n<\/div>\n<\/div>\n<p>[\/et_pb_text][\/et_pb_column][et_pb_column type=\u00bb1_2&#8243; _builder_version=\u00bb4.3.4&#8243;][et_pb_text _builder_version=\u00bb4.3.4&#8243;]<\/p>\n<p><span style=\"color: #ffffff;\">La <strong>loira<\/strong> es un mam\u00edfero carn\u00edvoro de esbelta figura. Pasa del metro de longitud de la que una buena parte corresponde a una robusta cola, tim\u00f3n experto que le permite moverse dentro del agua con gran agilidad. Las patas son cortas, con membranas entre los dedos, \u00fatiles para nadar con m\u00e1s eficacia. Tiene unos largos bigotes, vibrisas, con los que localiza a sus presas en el medio acu\u00e1tico. Las orejas son peque\u00f1as. El color es pardo oscuro por el lomo; m\u00e1s claro, en sus partes inferiores; y blanco, en garganta y mejillas. El pelaje es denso, lustroso, impermeable. Puede llegar a pesar 10 kg.<\/span><\/p>\n<p>[\/et_pb_text][\/et_pb_column][\/et_pb_row][\/et_pb_section][et_pb_section fb_built=\u00bb1&#8243; specialty=\u00bbon\u00bb _builder_version=\u00bb4.3.4&#8243; background_color=\u00bb#685e57&#8243;][et_pb_column type=\u00bb1_2&#8243; specialty_columns=\u00bb2&#8243; _builder_version=\u00bb3.25&#8243; custom_padding=\u00bb|||\u00bb custom_padding__hover=\u00bb|||\u00bb][et_pb_row_inner column_structure=\u00bb1_2,1_2&#8243; _builder_version=\u00bb4.3.4&#8243;][et_pb_column_inner type=\u00bb1_2&#8243; saved_specialty_column_type=\u00bb1_2&#8243; _builder_version=\u00bb4.3.4&#8243;][et_pb_image src=\u00bbhttps:\/\/aragonnatural.lenguasdearagon.org\/wp-content\/uploads\/2020\/03\/mapa-bichos-Loira.png\u00bb title_text=\u00bbmapa bichos Loira\u00bb show_in_lightbox=\u00bbon\u00bb _builder_version=\u00bb4.4.7&#8243;][\/et_pb_image][et_pb_image src=\u00bbhttps:\/\/aragonnatural.lenguasdearagon.org\/wp-content\/uploads\/2020\/05\/mapamunid_mudo_loira.png\u00bb title_text=\u00bbmapamunid_mudo_loira\u00bb show_in_lightbox=\u00bbon\u00bb _builder_version=\u00bb4.4.7&#8243;][\/et_pb_image][\/et_pb_column_inner][et_pb_column_inner type=\u00bb1_2&#8243; saved_specialty_column_type=\u00bb1_2&#8243; _builder_version=\u00bb4.3.4&#8243;][et_pb_text _builder_version=\u00bb4.3.4&#8243;]<\/p>\n<p><span style=\"color: #ffffff;\">En el s. XX lleg\u00f3 a desaparecer de buena parte de su \u00e1rea de distribuci\u00f3n. Cazada por su piel, que se pagaba a buenos precios, perseguida por su dieta, pues se consideraba competencia de los pescadores, intoxicada por la contaminaci\u00f3n, su poblaci\u00f3n disminuy\u00f3 tanto que todo indicaba que iba a desaparecer de buena parte de Europa. Distintas leyes decretaron su protecci\u00f3n. Los r\u00edos se fueron depurando y la <strong>loira<\/strong> recuper\u00f3 territorio. En la actualidad, puede encontrarse, por ejemplo, en las tres capitales de provincia y en numerosas cabeceras de comarca, en los r\u00edos que atraviesan los cascos urbanos, como en Valderrobles, Graus, Sabi\u00f1\u00e1nigo, Jaca o A\u00ednsa, por ejemplo.<\/span><\/p>\n<p>[\/et_pb_text][\/et_pb_column_inner][\/et_pb_row_inner][\/et_pb_column][et_pb_column type=\u00bb1_2&#8243; _builder_version=\u00bb3.25&#8243; custom_padding=\u00bb|||\u00bb custom_padding__hover=\u00bb|||\u00bb][et_pb_image src=\u00bbhttps:\/\/aragonnatural.lenguasdearagon.org\/wp-content\/uploads\/2020\/05\/otter-50357_1920.jpg\u00bb title_text=\u00bbotter-50357_1920&#8243; _builder_version=\u00bb4.4.7&#8243;][\/et_pb_image][et_pb_image src=\u00bbhttps:\/\/aragonnatural.lenguasdearagon.org\/wp-content\/uploads\/2020\/05\/otter-4661986_1920.jpg\u00bb title_text=\u00bbotter-4661986_1920&#8243; _builder_version=\u00bb4.4.7&#8243;][\/et_pb_image][\/et_pb_column][\/et_pb_section][et_pb_section fb_built=\u00bb1&#8243; _builder_version=\u00bb4.3.4&#8243; background_color=\u00bb#685e57&#8243;][et_pb_row _builder_version=\u00bb4.3.4&#8243; background_color=\u00bb#685e57&#8243;][et_pb_column type=\u00bb4_4&#8243; _builder_version=\u00bb4.3.4&#8243;][et_pb_tabs _builder_version=\u00bb4.4.7&#8243; background_color=\u00bb#685e57&#8243;][et_pb_tab title=\u00bbDieta\u00bb _builder_version=\u00bb4.4.7&#8243; background_color=\u00bb#685e57&#8243; background_enable_color=\u00bbon\u00bb]<\/p>\n<p><span style=\"color: #ffffff;\">La <strong>nutria<\/strong> deposita sus heces sobre las piedras en el r\u00edo; as\u00ed marca su territorio. Contrariamente a lo que suele ser normal, los excrementos de la <strong>loira<\/strong> huelen bien y se pueden manipular sin ascos. Es interesante dejarlos secar, limpiarlos con agua, colarlos y, tras un nuevo secado, observarlos con una lupa. Lo normal es que encontremos abundantes escamas de pez, pero nos podemos llevar sorpresas: trozos de cangrejo, de anfibio, pelos&#8230; En la fotograf\u00eda hay una selecci\u00f3n de peque\u00f1os huesos recogidos en el r\u00edo Escarra (Alto G\u00e1llego \/ Alto Galligo). Son todos restos de sapo. Una empresa hidroel\u00e9ctrica asol\u00f3 el r\u00edo tras el vertido de lodos provenientes de un embalse y acab\u00f3 con la vida del cauce. Al cabo de unos a\u00f1os tan solo los sapos fueron capaces de colonizar el medio. La <strong>loira<\/strong> subi\u00f3 ribera arriba y no encontr\u00f3 otra presa que estos anfibios de arrugada piel. Esa fue una prueba que sirvi\u00f3 a los agentes para la protecci\u00f3n de la naturaleza del Gobierno de Arag\u00f3n para constatar que el r\u00edo estaba lejos de recuperar su ecosistema original.<\/span><\/p>\n<p><a href=\"https:\/\/aragonnatural.lenguasdearagon.org\/wp-content\/uploads\/2020\/05\/Heces-Lutra-lutra-Escarra-18-05-2018-scaled.jpg\"><img loading=\"lazy\" decoding=\"async\" src=\"https:\/\/aragonnatural.lenguasdearagon.org\/wp-content\/uploads\/2020\/05\/Heces-Lutra-lutra-Escarra-18-05-2018-300x255.jpg\" width=\"300\" height=\"255\" alt=\"\" class=\"wp-image-1888 aligncenter size-medium\" \/><\/a><\/p>\n<p>[\/et_pb_tab][et_pb_tab title=\u00bbH\u00e1bitat\u00bb _builder_version=\u00bb4.4.7&#8243; background_color=\u00bb#685e57&#8243; background_enable_color=\u00bbon\u00bb]<\/p>\n<p><span style=\"color: #ffffff;\">Vive asociada al agua donde pesca peces, anfibios, cangrejos u otros mam\u00edferos acu\u00e1ticos, como la rata de agua, siendo su dieta privilegiada la de los peces. La podemos encontrar, por lo tanto, en las diferentes masas de agua de Arag\u00f3n. Desde una perspectiva global, se reparte por Europa, buena parte de Asia y Norte de \u00c1frica.<\/span><\/p>\n<p><img loading=\"lazy\" decoding=\"async\" src=\"https:\/\/aragonnatural.lenguasdearagon.org\/wp-content\/uploads\/2020\/05\/otter-4666678_1920-300x200.jpg\" width=\"300\" height=\"200\" alt=\"\" class=\"wp-image-1885 aligncenter size-medium\" \/><\/p>\n<p>[\/et_pb_tab][et_pb_tab title=\u00bbRastros y huellas\u00bb _builder_version=\u00bb4.4.7&#8243; background_color=\u00bb#685e57&#8243; background_enable_color=\u00bbon\u00bb]<\/p>\n<p><span style=\"color: #ffffff;\">Los rastros de <b>loira<\/b> son f\u00e1ciles de localizar en las orillas o sobre las piedras del r\u00edo. En las orillas, si hay arena fina o barro, se ven sus pies marcados en los que se aprecian los dedos unidos por membranas. Son huellas de buen tama\u00f1o, de 6-7 cm. de largo por 6 cm. de ancho, con los dedos separados. En la nieve son f\u00e1ciles de distinguir; si hay mucha, adem\u00e1s marca la cola. En ocasiones, se encuentran toboganes por los que se tira al cauce. Sobre las piedras del r\u00edo, como se ha explicado, deja los excrementos a modo de se\u00f1al.<\/span><\/p>\n<ul class=\"et_post_gallery clearfix\">\n\t\t\t\t\t<li class=\"et_gallery_item et_pb_gallery_image\">\n\t\t\t\t\t\t<a href=\"https:\/\/aragonnatural.lenguasdearagon.org\/wp-content\/uploads\/2020\/05\/rastro-lutra-Ben\u00e1s-10-2007-9-e1590045475231.jpg\" title=\"rastro-lutra-Ben\u00e1s\">\n\t\t\t\t\t\t\t<span class=\"et_portfolio_image\">\n\t\t\t\t\t\t\t\t<img loading=\"lazy\" decoding=\"async\" width=\"400\" height=\"284\" src=\"https:\/\/aragonnatural.lenguasdearagon.org\/wp-content\/uploads\/2020\/05\/rastro-lutra-Ben\u00e1s-10-2007-9-400x284.jpg\" class=\"attachment-et-pb-portfolio-image size-et-pb-portfolio-image\" alt=\"\" \/>\n\t\t\t\t\t\t\t\t<span class=\"et_overlay\"><\/span>\n\t\t\t\t\t\t\t<\/span>\n\t\t\t\t\t\t<\/a>\n\t\t\t\t\t\t<p class=\"et_pb_gallery_caption\">rastro-lutra-Ben\u00e1s<\/p>\n\t\t\t\t\t<\/li><li class=\"et_gallery_item et_pb_gallery_image\">\n\t\t\t\t\t\t<a href=\"https:\/\/aragonnatural.lenguasdearagon.org\/wp-content\/uploads\/2020\/05\/rastro-lutra-Ben\u00e1s-10-2007-3-e1590045490471.jpg\" title=\"rastro-lutra-Ben\u00e1s\">\n\t\t\t\t\t\t\t<span class=\"et_portfolio_image\">\n\t\t\t\t\t\t\t\t<img loading=\"lazy\" decoding=\"async\" width=\"400\" height=\"284\" src=\"https:\/\/aragonnatural.lenguasdearagon.org\/wp-content\/uploads\/2020\/05\/rastro-lutra-Ben\u00e1s-10-2007-3-400x284.jpg\" class=\"attachment-et-pb-portfolio-image size-et-pb-portfolio-image\" alt=\"\" \/>\n\t\t\t\t\t\t\t\t<span class=\"et_overlay\"><\/span>\n\t\t\t\t\t\t\t<\/span>\n\t\t\t\t\t\t<\/a>\n\t\t\t\t\t\t<p class=\"et_pb_gallery_caption\">rastro-lutra-Ben\u00e1s<\/p>\n\t\t\t\t\t<\/li><li class=\"et_gallery_item et_pb_gallery_image\">\n\t\t\t\t\t\t<a href=\"https:\/\/aragonnatural.lenguasdearagon.org\/wp-content\/uploads\/2020\/05\/rastro-nutria-e1590045456469.jpg\" title=\"rastro nutria\">\n\t\t\t\t\t\t\t<span class=\"et_portfolio_image\">\n\t\t\t\t\t\t\t\t<img loading=\"lazy\" decoding=\"async\" width=\"400\" height=\"284\" src=\"https:\/\/aragonnatural.lenguasdearagon.org\/wp-content\/uploads\/2020\/05\/rastro-nutria-400x284.jpg\" class=\"attachment-et-pb-portfolio-image size-et-pb-portfolio-image\" alt=\"\" \/>\n\t\t\t\t\t\t\t\t<span class=\"et_overlay\"><\/span>\n\t\t\t\t\t\t\t<\/span>\n\t\t\t\t\t\t<\/a>\n\t\t\t\t\t\t<p class=\"et_pb_gallery_caption\">Huellas<\/p>\n\t\t\t\t\t<\/li>\n\t\t\t\t<\/ul>\n<p>&nbsp;<\/p>\n<p>[\/et_pb_tab][et_pb_tab title=\u00bbNombres\u00bb _builder_version=\u00bb4.4.7&#8243; background_color=\u00bb#685e57&#8243; background_enable_color=\u00bbon\u00bb]<\/p>\n<p><span style=\"color: #ffffff;\">Los nombres comunes de la <strong>nutria<\/strong> tienen relaci\u00f3n con el lat\u00edn. El castellano <strong>nutria<\/strong> procede del lat\u00edn vulgar <em>nutria<\/em> y este, a su vez, del lat\u00edn cl\u00e1sico<em> lutra<\/em> y el grego <em>\u00e9nydris-<\/em>. El aragon\u00e9s y el catal\u00e1n, por su parte, conservan la &#8216;l&#8217; cl\u00e1sica de <em>lutra<\/em>. Esta parece derivar de una palabra indoeuropea <em>udra<\/em>, que se relaciona con &#8216;agua&#8217; en s\u00e1nscrito. <strong>Loira<\/strong> se utiliza en aragon\u00e9s y en occitano, desde el Bearn hasta el Piamonte italiano (<em>luira<\/em>), o sea, en buena parte del sur de Francia y una esquina de Italia, adem\u00e1s de Arag\u00f3n.<\/span><\/p>\n<p><span style=\"color: #ffffff;\">Si quieres saber m\u00e1s sobre la <em>loira<\/em> y sus nombres, <span style=\"text-decoration: underline;\"><a href=\"https:\/\/aragonnatural.lenguasdearagon.org\/wp-content\/uploads\/2020\/05\/Fendo-LOnso-Loira.pdf\" target=\"_blank\" rel=\"noopener noreferrer\" style=\"color: #ffffff; text-decoration: underline;\">aqu\u00ed puedes leer el cap\u00edtulo de <em>Fendo l&#8217;Onso<\/em>, \u00abCochos d&#8217;aigua&#8230;\u00bb.<\/a><\/span><\/span><\/p>\n<p>[\/et_pb_tab][\/et_pb_tabs][\/et_pb_column][\/et_pb_row][\/et_pb_section][et_pb_section fb_built=\u00bb1&#8243; _builder_version=\u00bb4.3.4&#8243; background_color=\u00bb#685e57&#8243;][et_pb_row _builder_version=\u00bb4.3.4&#8243;][et_pb_column type=\u00bb4_4&#8243; _builder_version=\u00bb4.3.4&#8243;][et_pb_text _builder_version=\u00bb4.4.9&#8243;]<\/p>\n<h3><span style=\"color: #ffffff;\">Un comercio floreciente<\/span><\/h3>\n<p><span style=\"color: #ffffff;\">Por las aduanas del Reino de Arag\u00f3n pasaban en la Edad Media numerosas pieles de <strong>loira<\/strong>. Por ejemplo, Arnau Guillem entr\u00f3 por la aduana de Canfranc en el a\u00f1o 1447 lo siguiente: \u201c<em>24 <\/em><em>martras por 6 Iibras; e 13 <strong>loyras<\/strong> por 10 sueldos; e 10 ginetas por 8 sueldos; e 2 foynas por <\/em><em>2 sueldos; e 5<\/em><em> martas baxas por 3 sueldos; e 50 fulhas d&#8217;estanyo por 1 Iibra<\/em>\u00ab. Por su parte, Peyre entr\u00f3 \u00ab<em>1 \u00a0<strong>loyra<\/strong>, e 3 melones e 3<\/em> <em>dozenas de codas de martras. El todo por 1 Iibra<\/em>\u00ab. \u00a0Y Guillem Rem\u00f3n de Begaria, \u00ab<em>26 <strong>loyras<\/strong> por 1 libra 10 sueldos<\/em>.\u00bb Bertomiu de la Goardera: \u00ab<em>miso 1 <strong>loyra<\/strong> e 1 foyna e 1 putox por 3 sueldos<\/em>\u201d.<\/span><\/p>\n<p><span style=\"color: #ffffff;\">Las <em>martas<\/em> o <em>martras<\/em> eran de la especie <em>Martes martes<\/em>, muy apreciada en peleter\u00eda. M\u00e1s todav\u00eda las <em>martras<\/em> o <em>martas baxas<\/em>, tambi\u00e9n llamadas en los documentos medievales aragoneses como <em>gebelins<\/em> o <em>gibelins<\/em>, martas cibelinas provenientes de Europa del norte, Rusia o Siberia. Las <em>foynas<\/em> se corresponden con las fuinas o gardu\u00f1as, en castellano. El<em> mel\u00f3n<\/em> es el <em>taxugo<\/em>, <em>teix\u00f3n<\/em> o tej\u00f3n (<em>Meles meles<\/em>) y el <em>putox<\/em> es el tur\u00f3n.<\/span><\/p>\n<p><span style=\"color: #ffffff;\">Hab\u00eda en aquellos tiempos otro animal con nombre de <strong>loira<\/strong>, cuya piel era objeto de comercio, la <em>loira chica<\/em>, tambi\u00e9n documentada como <em>lidrialla<\/em>. Ambas denominaciones tienen su equivalente en el t\u00e9rmino latino<em> lutreola<\/em> &#8216;peque\u00f1a nutria&#8217;. Se trata del vis\u00f3n (<em>Mustela lutreola<\/em>), otra especie ligada al agua que pr\u00e1cticamente se ha extinguido. En el Somontano la conoc\u00edan en alg\u00fan barranco de la sierra de Guara con el nombre de <em>tur\u00f3n negro<\/em>.<\/span><\/p>\n<p>[\/et_pb_text][\/et_pb_column][\/et_pb_row][\/et_pb_section][et_pb_section fb_built=\u00bb1&#8243; _builder_version=\u00bb4.3.4&#8243; background_color=\u00bb#685e57&#8243;][et_pb_row column_structure=\u00bb1_3,2_3&#8243; _builder_version=\u00bb4.3.4&#8243;][et_pb_column type=\u00bb1_3&#8243; _builder_version=\u00bb4.3.4&#8243;][et_pb_button button_url=\u00bbhttps:\/\/aragonnatural.lenguasdearagon.org\/wp-content\/uploads\/2020\/05\/Fendo-LOnso-Loira.pdf\u00bb button_text=\u00bbLibro\u00bb button_alignment=\u00bbcenter\u00bb _builder_version=\u00bb4.4.9&#8243; custom_button=\u00bbon\u00bb button_icon=\u00bb%%72%%\u00bb button_icon_color=\u00bb#000000&#8243; button_icon_placement=\u00bbleft\u00bb button_on_hover=\u00bboff\u00bb custom_padding=\u00bb|||41px|false|false\u00bb hover_enabled=\u00bb0&#8243; url_new_window=\u00bbon\u00bb][\/et_pb_button][et_pb_button button_url=\u00bbhttps:\/\/youtu.be\/eT4vsNtWMY8&#8243; button_text=\u00bbVideo\u00bb button_alignment=\u00bbcenter\u00bb _builder_version=\u00bb4.4.9&#8243; custom_button=\u00bbon\u00bb button_icon=\u00bb%%129%%\u00bb button_icon_color=\u00bb#000000&#8243; button_icon_placement=\u00bbleft\u00bb button_on_hover=\u00bboff\u00bb custom_padding=\u00bb|||41px|false|false\u00bb hover_enabled=\u00bb0&#8243; url_new_window=\u00bbon\u00bb][\/et_pb_button][\/et_pb_column][et_pb_column type=\u00bb2_3&#8243; _builder_version=\u00bb4.3.4&#8243;][et_pb_gallery gallery_ids=\u00bb679,1885,1883,1881,678&#8243; fullwidth=\u00bbon\u00bb _builder_version=\u00bb4.4.9&#8243; background_layout=\u00bbdark\u00bb][\/et_pb_gallery][\/et_pb_column][\/et_pb_row][\/et_pb_section][et_pb_section fb_built=\u00bb1&#8243; _builder_version=\u00bb4.3.4&#8243; background_color=\u00bb#685e57&#8243;][et_pb_row _builder_version=\u00bb4.3.4&#8243;][et_pb_column type=\u00bb4_4&#8243; _builder_version=\u00bb4.3.4&#8243;][et_pb_text _builder_version=\u00bb4.4.7&#8243;]<\/p>\n<h3><span style=\"color: #ffffff;\">Del siglo XVIII tenemos una curiosa noticia sobre las <strong>loiras<\/strong> (<strong>lueiras<\/strong>), escrito por el cura de la iglesia de Laspu\u00f1a \/ A Espu\u00f1a (Sobrarbe), mosen Juan Mostalac:<\/span><\/h3>\n<p><span color=\"#ffffff\" style=\"color: #ffffff;\"><span style=\"caret-color: #ffffff;\"><i>\u201c<\/i><\/span><\/span><i style=\"color: #ffffff;\">&#8230;y <\/i><strong style=\"color: #ffffff; font-style: italic;\">Lueiras<\/strong><i style=\"color: #ffffff;\">. Estos ultimos son los Corsarios de las truchas, y destruccion de los Instrumentos que los pescadores dejan en los rios para cojerlas: pues las vuscan dentro del Agua, y si las ven en los Instrumentos, para sacarlas, los despedazan. Son de la figura d\u2019un gato mediano lambre\u00f1o, y largo. Vestidos de pelo canelado y corto, aunque muy prieto, y menudo, y amas del corto, tiene otro, que sobre sale. La coda es peluda y como la del perro chino; de la qual se sirbe, para urgar, y hacer salir los pescados de vajo las piedras. Ha vufidos como los gatos peque\u00f1os. Cr\u00eda en los concabos de la riberas del rio. Vive en la tierra, y en el agua, pues en ambas partes se la ve<\/i><span color=\"#ffffff\" style=\"color: #ffffff;\">.\u201d<\/span><\/p>\n<p>[\/et_pb_text][\/et_pb_column][\/et_pb_row][\/et_pb_section]<\/p>\n","protected":false},"excerpt":{"rendered":"<p>Lutra lutra L. ARAGON\u00c9S \u00a0 \u00a0 \u00a0 \u00a0 \u00a0 \u00a0 \u00a0 \u00a0 \u00a0 \u00a0 \u00a0\u00a0Loira, luria CASTELLANO \u00a0 \u00a0 \u00a0 \u00a0 \u00a0 \u00a0 \u00a0 \u00a0 \u00a0 \u00a0Nutria CATAL\u00c1N DE ARAG\u00d3N \u00a0 \u00a0Ll\u00fadriga La loira es un mam\u00edfero carn\u00edvoro de esbelta figura. Pasa del metro de longitud de la que una buena parte corresponde a una [&hellip;]<\/p>\n","protected":false},"author":4,"featured_media":678,"comment_status":"open","ping_status":"closed","template":"","meta":{"_et_pb_use_builder":"on","_et_pb_old_content":"","_et_gb_content_width":"","footnotes":""},"project_category":[5],"project_tag":[],"class_list":["post-829","project","type-project","status-publish","has-post-thumbnail","hentry","project_category-mamiferos"],"_links":{"self":[{"href":"https:\/\/aragonnatural.lenguasdearagon.org\/index.php\/wp-json\/wp\/v2\/project\/829","targetHints":{"allow":["GET"]}}],"collection":[{"href":"https:\/\/aragonnatural.lenguasdearagon.org\/index.php\/wp-json\/wp\/v2\/project"}],"about":[{"href":"https:\/\/aragonnatural.lenguasdearagon.org\/index.php\/wp-json\/wp\/v2\/types\/project"}],"author":[{"embeddable":true,"href":"https:\/\/aragonnatural.lenguasdearagon.org\/index.php\/wp-json\/wp\/v2\/users\/4"}],"replies":[{"embeddable":true,"href":"https:\/\/aragonnatural.lenguasdearagon.org\/index.php\/wp-json\/wp\/v2\/comments?post=829"}],"version-history":[{"count":12,"href":"https:\/\/aragonnatural.lenguasdearagon.org\/index.php\/wp-json\/wp\/v2\/project\/829\/revisions"}],"predecessor-version":[{"id":2311,"href":"https:\/\/aragonnatural.lenguasdearagon.org\/index.php\/wp-json\/wp\/v2\/project\/829\/revisions\/2311"}],"wp:featuredmedia":[{"embeddable":true,"href":"https:\/\/aragonnatural.lenguasdearagon.org\/index.php\/wp-json\/wp\/v2\/media\/678"}],"wp:attachment":[{"href":"https:\/\/aragonnatural.lenguasdearagon.org\/index.php\/wp-json\/wp\/v2\/media?parent=829"}],"wp:term":[{"taxonomy":"project_category","embeddable":true,"href":"https:\/\/aragonnatural.lenguasdearagon.org\/index.php\/wp-json\/wp\/v2\/project_category?post=829"},{"taxonomy":"project_tag","embeddable":true,"href":"https:\/\/aragonnatural.lenguasdearagon.org\/index.php\/wp-json\/wp\/v2\/project_tag?post=829"}],"curies":[{"name":"wp","href":"https:\/\/api.w.org\/{rel}","templated":true}]}}