{"id":842,"date":"2020-03-11T11:50:00","date_gmt":"2020-03-11T11:50:00","guid":{"rendered":"http:\/\/aragonnatural.lenguasdearagon.org\/?post_type=project&#038;p=842"},"modified":"2020-07-20T13:04:43","modified_gmt":"2020-07-20T13:04:43","slug":"ursus-arctos","status":"publish","type":"project","link":"https:\/\/aragonnatural.lenguasdearagon.org\/index.php\/project\/ursus-arctos\/","title":{"rendered":"Ursus arctos"},"content":{"rendered":"<p>[et_pb_section fb_built=\u00bb1&#8243; fullwidth=\u00bbon\u00bb _builder_version=\u00bb4.3.4&#8243; use_background_color_gradient=\u00bbon\u00bb background_image=\u00bbhttps:\/\/aragonnatural.lenguasdearagon.org\/wp-content\/uploads\/2020\/03\/brown-bear-2514834.jpg\u00bb parallax=\u00bbon\u00bb custom_padding=\u00bb||347px|||\u00bb][\/et_pb_section][et_pb_section fb_built=\u00bb1&#8243; _builder_version=\u00bb4.3.4&#8243; background_color=\u00bb#685e57&#8243;][et_pb_row column_structure=\u00bb1_2,1_2&#8243; _builder_version=\u00bb4.3.4&#8243;][et_pb_column type=\u00bb1_2&#8243; _builder_version=\u00bb4.3.4&#8243;][et_pb_text _builder_version=\u00bb4.3.4&#8243;]<\/p>\n<div class=\"et_pb_module et_pb_text et_pb_text_0  et_pb_text_align_left et_pb_bg_layout_light\">\n<div class=\"et_pb_text_inner\">\n<h3><span style=\"color: #ffffff;\"><i>Ursus arctos <\/i>L.<\/span><\/h3>\n<p><span style=\"color: #ffffff;\">ARAGON\u00c9S \u00a0 \u00a0 \u00a0 \u00a0 \u00a0 \u00a0 \u00a0 \u00a0 \u00a0 \u00a0 \u00a0 Onso<\/span><br \/><span style=\"color: #ffffff;\"> CASTELLANO \u00a0 \u00a0 \u00a0 \u00a0 \u00a0 \u00a0 \u00a0 \u00a0 \u00a0 \u00a0Oso<\/span><br \/><span style=\"color: #ffffff;\"> CATAL\u00c1N DE ARAG\u00d3N \u00a0 \u00a0Onso, \u00d2s<\/span><\/p>\n<\/div>\n<\/div>\n<p>[\/et_pb_text][\/et_pb_column][et_pb_column type=\u00bb1_2&#8243; _builder_version=\u00bb4.3.4&#8243;][et_pb_text _builder_version=\u00bb4.3.4&#8243;]<\/p>\n<p><span style=\"color: #ffffff;\">El <b>onso<\/b> es el mayor de los animales salvajes que hay en Arag\u00f3n: Mide, de cabeza a cola, entre 170 y 200 cent\u00edmetros. Las hembras pesan en el Pirineo de 70 a 170 kilos y los machos, de 80 a 250 kg. En Alaska, sin embargo, son mucho mayores y pueden pasar de 300 cm. y llegar a 700 kg. El <b>onso<\/b> es pues una especie variable a lo largo de su distribuci\u00f3n y no es lo mismo un <b>oso<\/b> mediterr\u00e1neo que uno canadiense, ni en su tama\u00f1o ni en sus costumbres o dieta.<\/span><\/p>\n<p>[\/et_pb_text][\/et_pb_column][\/et_pb_row][\/et_pb_section][et_pb_section fb_built=\u00bb1&#8243; specialty=\u00bbon\u00bb _builder_version=\u00bb4.3.4&#8243; background_color=\u00bb#685e57&#8243;][et_pb_column type=\u00bb1_2&#8243; specialty_columns=\u00bb2&#8243; _builder_version=\u00bb3.25&#8243; custom_padding=\u00bb|||\u00bb custom_padding__hover=\u00bb|||\u00bb][et_pb_row_inner column_structure=\u00bb1_2,1_2&#8243; _builder_version=\u00bb4.3.4&#8243;][et_pb_column_inner type=\u00bb1_2&#8243; saved_specialty_column_type=\u00bb1_2&#8243; _builder_version=\u00bb4.3.4&#8243;][et_pb_image src=\u00bbhttps:\/\/aragonnatural.lenguasdearagon.org\/wp-content\/uploads\/2020\/03\/mapa-bichos-Onso.png\u00bb show_in_lightbox=\u00bbon\u00bb _builder_version=\u00bb4.3.4&#8243;][\/et_pb_image][et_pb_image src=\u00bbhttps:\/\/aragonnatural.lenguasdearagon.org\/wp-content\/uploads\/2020\/03\/mapamunid_mudo_onso.png\u00bb show_in_lightbox=\u00bbon\u00bb _builder_version=\u00bb4.3.4&#8243;][\/et_pb_image][\/et_pb_column_inner][et_pb_column_inner type=\u00bb1_2&#8243; saved_specialty_column_type=\u00bb1_2&#8243; _builder_version=\u00bb4.3.4&#8243;][et_pb_text _builder_version=\u00bb4.3.4&#8243;]<\/p>\n<p><span style=\"color: #ffffff;\">El h\u00e1bitat de los <strong>onsos<\/strong> son las <em>selvas<\/em>, los bosques maduros bien conservados. Tiene, por tanto, una distribuci\u00f3n restringida en Europa. Es extensa en Rusia, Escandinavia o el noroeste de Norteam\u00e9rica, pero fragmentada en el resto de Europa. En la Pen\u00ednsula Ib\u00e9rica hay dos poblaciones, una en el Cant\u00e1brico y otra en el Pirineo. La del Cant\u00e1brico est\u00e1, a su vez, dividida en dos, una poblaci\u00f3n oriental y otra occidental, que suman entre 230 y 270 ejemplares. En el Pirineo tambi\u00e9n hay dos poblaciones, la del Pirineo occidental, con 4 <strong>onsos<\/strong>, y la del Pirineo central, con 36. <\/span><\/p>\n<p>[\/et_pb_text][\/et_pb_column_inner][\/et_pb_row_inner][\/et_pb_column][et_pb_column type=\u00bb1_2&#8243; _builder_version=\u00bb3.25&#8243; custom_padding=\u00bb|||\u00bb custom_padding__hover=\u00bb|||\u00bb][et_pb_image src=\u00bbhttps:\/\/aragonnatural.lenguasdearagon.org\/wp-content\/uploads\/2020\/02\/aragon5-2.jpg\u00bb _builder_version=\u00bb4.3.4&#8243;][\/et_pb_image][\/et_pb_column][\/et_pb_section][et_pb_section fb_built=\u00bb1&#8243; _builder_version=\u00bb4.3.4&#8243; background_color=\u00bb#685e57&#8243;][et_pb_row _builder_version=\u00bb4.3.4&#8243; background_color=\u00bb#685e57&#8243;][et_pb_column type=\u00bb4_4&#8243; _builder_version=\u00bb4.3.4&#8243;][et_pb_tabs _builder_version=\u00bb4.3.4&#8243; background_color=\u00bb#685e57&#8243;][et_pb_tab title=\u00bbDescripci\u00f3n\u00bb _builder_version=\u00bb4.3.4&#8243; background_color=\u00bb#685e57&#8243; background_enable_color=\u00bbon\u00bb]<\/p>\n<p><span style=\"color: #ffffff;\">La imagen del <strong>onso<\/strong> es de sobras conocida, con cabeza y orejas redondeadas, patas cortas y robustas, las anteriores m\u00e1s cortas que las posteriores, y pelaje corto y espeso, pardo. Es un mam\u00edfero plant\u00edgrado, pues apoya toda la planta del pie al caminar, lo que le permite levantarse f\u00e1cilmente sobre sus extremidades posteriores; es un animal con \u00abmanos\u00bb y \u00abpies\u00bb, lo que da a sus huellas una imagen caracter\u00edstica, ya que sus pies dejan un rastro vagamente similar al de los humanos, no as\u00ed las manos.\u00a0Tiene un buen olfato y fino o\u00eddo. De \u00e9l se dice que \u00abcuando una pluma cae del cielo, la ve el \u00e1guila, la huele el oso y la oye el ciervo\u00bb. Con esos sentidos y la cobertura del bosque, es muy h\u00e1bil evitando molestias y amenazas, por ejemplo, las provocadas por las personas.<\/span><\/p>\n<p>[\/et_pb_tab][et_pb_tab title=\u00bbAlimentaci\u00f3n\u00bb _builder_version=\u00bb4.3.4&#8243; background_color=\u00bb#685e57&#8243; background_enable_color=\u00bbon\u00bb]<\/p>\n<p><span style=\"color: #ffffff;\">Nuestros <strong>onsos <\/strong>son omn\u00edvoros, puesto que comen de todo: frutos, helechos, hierba, bulbos, corteza y hoja de los \u00e1rboles, miel, insectos, larvas y otros animales, sobre todo si los encuentra muertos. No desde\u00f1a, en su caso, atacar al ganado, ovejas y vacas, pero, en principio, no es su norma habitual. En porcentajes, la mitad de su dieta est\u00e1 formada por plantas herb\u00e1ceas y la otra mitad se divide entre frutos, insectos y mam\u00edferos (carro\u00f1as, salvajes y dom\u00e9sticos). Se da una peque\u00f1a diferencia entre el <strong>oso <\/strong>de raza pirenaica y el de origen esloveno: el esloveno come menos bayas (un sexto del total, frente a algo m\u00e1s de un cuarto del pirenaico) y completa la dieta con el doble de insectos y algo m\u00e1s de mam\u00edferos.<\/span><\/p>\n<p>[\/et_pb_tab][et_pb_tab title=\u00bbCamille\u00bb _builder_version=\u00bb4.3.4&#8243; background_color=\u00bb#685e57&#8243; background_enable_color=\u00bbon\u00bb]<\/p>\n<p><span style=\"color: #ffffff;\">En realidad, en el a\u00f1o 2010, con la muerte de Camille, desapareci\u00f3 el \u00faltimo <strong>oso<\/strong> de pura estirpe pirenaica (si quieres saber la historia, el escritor y agente para la Protecci\u00f3n de la Naturaleza Carlos Tarazona, te la contar\u00e1 <span style=\"text-decoration: underline;\"><a href=\"https:\/\/www.youtube.com\/channel\/UCvz8Fg64OhuPf9f4kcDP2OA\" target=\"_blank\" rel=\"noopener noreferrer\" style=\"color: #ffffff; text-decoration: underline;\">en 3 videos muy interesantes<\/a><\/span>); si quieres seguir <span style=\"text-decoration: underline;\"><a href=\"https:\/\/www.lasendadecamille.com\/oso-camille\/\" target=\"_blank\" rel=\"noopener noreferrer\" style=\"color: #ffffff; text-decoration: underline;\">los pasos de Camille<\/a><\/span>, hay una senda jalonada de refugios de monta\u00f1a entre muy hermosos paisajes, donde te dar\u00e1n toda la informaci\u00f3n precisa).\u00a0Para paliar esta situaci\u00f3n, entre 1996 y 2018, se introdujeron osos tra\u00eddos desde Eslovenia, pertenecientes a la misma subespecie, criados y habituados a unas monta\u00f1as similares a las pirenaicas.<\/span><\/p>\n<p>[\/et_pb_tab][et_pb_tab title=\u00bbEn Arag\u00f3n\u00bb _builder_version=\u00bb4.3.4&#8243; background_color=\u00bb#685e57&#8243; background_enable_color=\u00bbon\u00bb]<\/p>\n<p><span style=\"color: #ffffff;\">En el Pirineo aragon\u00e9s, los osos entran desde la parte francesa y aranesa y ocupan irregularmente los terrenos de los extremos: el Parque Natural de los Valles Occidentales y el Parque Natutal Posets Maladeta.<\/span> <\/p>\n<p>[\/et_pb_tab][\/et_pb_tabs][\/et_pb_column][\/et_pb_row][\/et_pb_section][et_pb_section fb_built=\u00bb1&#8243; _builder_version=\u00bb4.3.4&#8243; background_color=\u00bb#685e57&#8243;][et_pb_row column_structure=\u00bb1_3,2_3&#8243; _builder_version=\u00bb4.3.4&#8243; custom_margin=\u00bb|auto||709px||\u00bb][et_pb_column type=\u00bb1_3&#8243; _builder_version=\u00bb4.3.4&#8243;][et_pb_button button_url=\u00bbhttps:\/\/aragonnatural.lenguasdearagon.org\/wp-content\/uploads\/2020\/03\/Fendo-LOnso-Onso.pdf\u00bb url_new_window=\u00bbon\u00bb button_text=\u00bbLibro \u201cFendo l\u2019onso%22&#8243; button_alignment=\u00bbcenter\u00bb _builder_version=\u00bb4.4.9&#8243; custom_button=\u00bbon\u00bb button_icon=\u00bb%%72%%\u00bb button_icon_color=\u00bb#000000&#8243; button_icon_placement=\u00bbleft\u00bb button_on_hover=\u00bboff\u00bb custom_padding=\u00bb|||41px|false|false\u00bb hover_enabled=\u00bb0&#8243;][\/et_pb_button][et_pb_button button_url=\u00bbhttps:\/\/aragonnatural.lenguasdearagon.org\/wp-content\/uploads\/2020\/07\/Recuerdos-de-lonso-Chorche.pdf\u00bb url_new_window=\u00bbon\u00bb button_text=\u00bbLibro \u201cL\u2019onso Chorche%22&#8243; button_alignment=\u00bbcenter\u00bb _builder_version=\u00bb4.4.9&#8243; custom_button=\u00bbon\u00bb button_icon=\u00bb%%72%%\u00bb button_icon_color=\u00bb#000000&#8243; button_icon_placement=\u00bbleft\u00bb button_on_hover=\u00bboff\u00bb custom_padding=\u00bb|||41px|false|false\u00bb hover_enabled=\u00bb0&#8243;][\/et_pb_button][et_pb_button button_url=\u00bbhttps:\/\/youtu.be\/BE5B-aSCzOs\u00bb url_new_window=\u00bbon\u00bb button_text=\u00bbVideo\u00bb button_alignment=\u00bbcenter\u00bb _builder_version=\u00bb4.4.9&#8243; custom_button=\u00bbon\u00bb button_icon=\u00bb%%129%%\u00bb button_icon_color=\u00bb#000000&#8243; button_icon_placement=\u00bbleft\u00bb button_on_hover=\u00bboff\u00bb custom_padding=\u00bb|||41px|false|false\u00bb][\/et_pb_button][et_pb_button button_url=\u00bbhttps:\/\/fundacionosopardo.org\u00bb url_new_window=\u00bbon\u00bb button_text=\u00bbM\u00e1s Info\u00bb button_alignment=\u00bbcenter\u00bb _builder_version=\u00bb4.4.9&#8243; custom_button=\u00bbon\u00bb button_icon=\u00bb%%84%%\u00bb button_icon_color=\u00bb#000000&#8243; button_icon_placement=\u00bbleft\u00bb button_on_hover=\u00bboff\u00bb custom_padding=\u00bb|||41px|false|false\u00bb][\/et_pb_button][\/et_pb_column][et_pb_column type=\u00bb2_3&#8243; _builder_version=\u00bb4.3.4&#8243;][et_pb_gallery gallery_ids=\u00bb546,689,549,686,690&#8243; fullwidth=\u00bbon\u00bb _builder_version=\u00bb4.4.9&#8243; background_layout=\u00bbdark\u00bb][\/et_pb_gallery][\/et_pb_column][\/et_pb_row][\/et_pb_section][et_pb_section fb_built=\u00bb1&#8243; _builder_version=\u00bb4.3.4&#8243; background_color=\u00bb#685e57&#8243;][et_pb_row _builder_version=\u00bb4.3.4&#8243; background_color=\u00bb#685e57&#8243;][et_pb_column type=\u00bb4_4&#8243; _builder_version=\u00bb4.3.4&#8243;][et_pb_tabs _builder_version=\u00bb4.3.4&#8243; background_color=\u00bb#685e57&#8243;][et_pb_tab title=\u00bbNombres\u00bb _builder_version=\u00bb4.3.4&#8243; background_color=\u00bb#685e57&#8243; background_enable_color=\u00bbon\u00bb]<\/p>\n<p><span style=\"color: #ffffff;\">Los nombres comunes del <strong>onso<\/strong> vienen del lat\u00edn <em>ursus<\/em>, aunque en el lado bearn\u00e9s del Pirineo (detr\u00e1s de las monta\u00f1as de Jaca, en Francia) tiene un curioso nombre, <em>pe descaous<\/em>, que en gasc\u00f3n (occitano, la lengua del sur de Francia) significa &#8216;pies descalzos&#8217;, por la huella plant\u00edgrada comentada. Con esa denominaci\u00f3n <span style=\"text-decoration: underline;\"><a href=\"http:\/\/www.fiep-ours.com\/lecture.php?op=lecture&amp;sid=3\" target=\"_blank\" rel=\"noopener noreferrer\" style=\"color: #ffffff; text-decoration: underline;\">elaboran un queso magn\u00edfico<\/a><\/span> producido por ganaderos de los valles de Bearn y relacionado con los programas de apoyo a la especie.<\/span><\/p>\n<p><img loading=\"lazy\" decoding=\"async\" src=\"https:\/\/aragonnatural.lenguasdearagon.org\/wp-content\/uploads\/2020\/03\/fromage-pe-descaousweb-576x1024.jpg\" width=\"576\" height=\"1024\" alt=\"\" class=\"wp-image-645 aligncenter size-large\" srcset=\"https:\/\/aragonnatural.lenguasdearagon.org\/wp-content\/uploads\/2020\/03\/fromage-pe-descaousweb-576x1024.jpg 576w, https:\/\/aragonnatural.lenguasdearagon.org\/wp-content\/uploads\/2020\/03\/fromage-pe-descaousweb-480x853.jpg 480w\" sizes=\"(min-width: 0px) and (max-width: 480px) 480px, (min-width: 481px) 576px, 100vw\" \/><\/p>\n<p>[\/et_pb_tab][et_pb_tab title=\u00bbM\u00edtico\u00bb _builder_version=\u00bb4.3.4&#8243; background_color=\u00bb#685e57&#8243; background_enable_color=\u00bbon\u00bb]<\/p>\n<p><span style=\"color: #ffffff;\">El <strong>onso<\/strong> es un elemento importante de la cultura popular. Es protagonista de los carnavales tradicionales, de cuentos e historias, y est\u00e1 presente en la toponimia, en la escultura rom\u00e1nica, etc. Su antiguo culto se puede rastrear en espacios sagrados, como la Bal d&#8217;Onsera, en la sierra de Guara. Las <strong>onsas<\/strong>, desde tiempos remotos han sido un s\u00edmbolo de fertilidad. En la Bal d&#8217;Onsera hubo un culto de este tipo que la iglesia cat\u00f3lica intent\u00f3 controlar colocando a san Mart\u00edn, m\u00e1s tarde reforzado por san \u00darbez, el santo que dom\u00f3 a la <strong>onsa<\/strong>. Estos intentos de camuflar los antiguos ritos no impidieron que reyes y nobles aragoneses acudieran a esa monta\u00f1a cuando quer\u00edan tener hijos, como hicieron Pedro IV de Arag\u00f3n o el duque de Villahermosa. S\u00ed lo consiguieron con las diferentes fiestas populares que tienen en sus or\u00edgenes el culto al <strong>onso<\/strong>, como la Candelera, san Blas, san Mart\u00edn, etc.<\/span><\/p>\n<p><img loading=\"lazy\" decoding=\"async\" src=\"https:\/\/aragonnatural.lenguasdearagon.org\/wp-content\/uploads\/2020\/03\/Onsos-pirenaicos542130910web-1024x643.jpg\" width=\"1024\" height=\"643\" alt=\"\" class=\"wp-image-685 aligncenter size-large\" srcset=\"https:\/\/aragonnatural.lenguasdearagon.org\/wp-content\/uploads\/2020\/03\/Onsos-pirenaicos542130910web-980x615.jpg 980w, https:\/\/aragonnatural.lenguasdearagon.org\/wp-content\/uploads\/2020\/03\/Onsos-pirenaicos542130910web-480x301.jpg 480w\" sizes=\"(min-width: 0px) and (max-width: 480px) 480px, (min-width: 481px) and (max-width: 980px) 980px, (min-width: 981px) 1024px, 100vw\" \/><\/p>\n<p>[\/et_pb_tab][\/et_pb_tabs][\/et_pb_column][\/et_pb_row][\/et_pb_section][et_pb_section fb_built=\u00bb1&#8243; _builder_version=\u00bb4.3.4&#8243; background_color=\u00bb#685e57&#8243;][et_pb_row column_structure=\u00bb1_2,1_2&#8243; _builder_version=\u00bb4.3.4&#8243;][et_pb_column type=\u00bb1_2&#8243; _builder_version=\u00bb4.3.4&#8243;][et_pb_text _builder_version=\u00bb4.3.4&#8243;]<\/p>\n<h3><span style=\"color: #ffffff;\">EL DECLIVE DEL OSO EN ARAG\u00d3N<\/span><\/h3>\n<p><span style=\"color: #ffffff;\">La historia del <strong>onso<\/strong> en Arag\u00f3n es la de un paulatino declive. En la Edad Media hab\u00eda <strong>osos<\/strong> en terrenos de las tres provincias. En 1238 los monjes de Veruela otorgan carta de poblaci\u00f3n a Alcal\u00e1 de Moncayo: \u00a0<em>e de ca\u00e7a de mont, \u00e7o es de <strong>honso<\/strong> e de porco e de ciervo<\/em> \u2018y de caza de monte, esto es de <strong>onso<\/strong> y de jabal\u00ed y de ciervo\u2019. En 1303 el rey de Arag\u00f3n Jaime II se reserva el derecho de cazar osos en Mosqueruela. En el siglo XVIII ya est\u00e1 la especie refugiada en las monta\u00f1as pirenaicas y, llegado el siglo XX, su poblaci\u00f3n es tan reducida que su supervivencia se encuentra comprometida. En la imagen de la derecha podemos ver una garra de oso clavada en la puerta de la Casa Hospital de San Mill\u00e1n, en Torrelapaja, en la Comarca de la Comunidad de Calatayud, lo que deja claro que en \u00e9pocas remotas se cazaron osos por estas tierras lim\u00edtrofes con la meseta soriana.<\/span><\/p>\n<p>[\/et_pb_text][\/et_pb_column][et_pb_column type=\u00bb1_2&#8243; _builder_version=\u00bb4.3.4&#8243;][et_pb_image src=\u00bbhttps:\/\/aragonnatural.lenguasdearagon.org\/wp-content\/uploads\/2020\/03\/Garra-oso-Malanquilla.jpeg\u00bb _builder_version=\u00bb4.3.4&#8243;][\/et_pb_image][\/et_pb_column][\/et_pb_row][\/et_pb_section]<\/p>\n","protected":false},"excerpt":{"rendered":"<p>Ursus arctos L. ARAGON\u00c9S \u00a0 \u00a0 \u00a0 \u00a0 \u00a0 \u00a0 \u00a0 \u00a0 \u00a0 \u00a0 \u00a0 Onso CASTELLANO \u00a0 \u00a0 \u00a0 \u00a0 \u00a0 \u00a0 \u00a0 \u00a0 \u00a0 \u00a0Oso CATAL\u00c1N DE ARAG\u00d3N \u00a0 \u00a0Onso, \u00d2s El onso es el mayor de los animales salvajes que hay en Arag\u00f3n: Mide, de cabeza a cola, entre 170 y 200 [&hellip;]<\/p>\n","protected":false},"author":4,"featured_media":690,"comment_status":"open","ping_status":"closed","template":"","meta":{"_et_pb_use_builder":"on","_et_pb_old_content":"","_et_gb_content_width":"","footnotes":""},"project_category":[5],"project_tag":[],"class_list":["post-842","project","type-project","status-publish","has-post-thumbnail","hentry","project_category-mamiferos"],"_links":{"self":[{"href":"https:\/\/aragonnatural.lenguasdearagon.org\/index.php\/wp-json\/wp\/v2\/project\/842","targetHints":{"allow":["GET"]}}],"collection":[{"href":"https:\/\/aragonnatural.lenguasdearagon.org\/index.php\/wp-json\/wp\/v2\/project"}],"about":[{"href":"https:\/\/aragonnatural.lenguasdearagon.org\/index.php\/wp-json\/wp\/v2\/types\/project"}],"author":[{"embeddable":true,"href":"https:\/\/aragonnatural.lenguasdearagon.org\/index.php\/wp-json\/wp\/v2\/users\/4"}],"replies":[{"embeddable":true,"href":"https:\/\/aragonnatural.lenguasdearagon.org\/index.php\/wp-json\/wp\/v2\/comments?post=842"}],"version-history":[{"count":17,"href":"https:\/\/aragonnatural.lenguasdearagon.org\/index.php\/wp-json\/wp\/v2\/project\/842\/revisions"}],"predecessor-version":[{"id":2383,"href":"https:\/\/aragonnatural.lenguasdearagon.org\/index.php\/wp-json\/wp\/v2\/project\/842\/revisions\/2383"}],"wp:featuredmedia":[{"embeddable":true,"href":"https:\/\/aragonnatural.lenguasdearagon.org\/index.php\/wp-json\/wp\/v2\/media\/690"}],"wp:attachment":[{"href":"https:\/\/aragonnatural.lenguasdearagon.org\/index.php\/wp-json\/wp\/v2\/media?parent=842"}],"wp:term":[{"taxonomy":"project_category","embeddable":true,"href":"https:\/\/aragonnatural.lenguasdearagon.org\/index.php\/wp-json\/wp\/v2\/project_category?post=842"},{"taxonomy":"project_tag","embeddable":true,"href":"https:\/\/aragonnatural.lenguasdearagon.org\/index.php\/wp-json\/wp\/v2\/project_tag?post=842"}],"curies":[{"name":"wp","href":"https:\/\/api.w.org\/{rel}","templated":true}]}}